{"id":596,"date":"2023-03-04T02:15:33","date_gmt":"2023-03-04T02:15:33","guid":{"rendered":"https:\/\/www.bellae-holiday.com\/?page_id=596"},"modified":"2023-09-05T17:45:24","modified_gmt":"2023-09-05T17:45:24","slug":"visiter-braga","status":"publish","type":"page","link":"https:\/\/www.bellae-holiday.com\/en\/vacances-nord-portugal\/visiter-braga\/","title":{"rendered":"BRAGA"},"content":{"rendered":"<div data-colibri-id=\"596-c1\" class=\"style-436 style-local-596-c1 position-relative\">\n  <!---->\n  <div data-colibri-component=\"section\" data-colibri-id=\"596-c2\" id=\"reusable-sections\" class=\"h-section h-section-global-spacing d-flex align-items-lg-center align-items-md-center align-items-center style-437 style-local-596-c2 position-relative\">\n    <!---->\n    <!---->\n    <div class=\"h-section-grid-container h-section-boxed-container\">\n      <!---->\n      <div data-colibri-id=\"596-c3\" class=\"h-row-container gutters-row-lg-2 gutters-row-md-2 gutters-row-0 gutters-row-v-lg-2 gutters-row-v-md-2 gutters-row-v-2 style-438 style-local-596-c3 position-relative\">\n        <!---->\n        <div class=\"h-row justify-content-lg-center justify-content-md-center justify-content-center align-items-lg-stretch align-items-md-stretch align-items-stretch gutters-col-lg-2 gutters-col-md-2 gutters-col-0 gutters-col-v-lg-2 gutters-col-v-md-2 gutters-col-v-2\">\n          <!---->\n          <div class=\"h-column h-column-container d-flex h-col-lg-4 h-col-md-4 h-col-12 style-439-outer style-local-596-c4-outer\">\n            <div data-colibri-id=\"596-c4\" class=\"d-flex h-flex-basis h-column__inner h-px-lg-0 h-px-md-0 h-px-0 v-inner-lg-0 v-inner-md-0 v-inner-0 style-439 style-local-596-c4 position-relative\">\n              <!---->\n              <!---->\n              <div class=\"w-100 h-y-container h-column__content h-column__v-align flex-basis-100 align-self-lg-center align-self-md-center align-self-center\">\n                <!---->\n                <div data-colibri-id=\"596-c5\" class=\"h-row-container gutters-row-lg-2 gutters-row-md-2 gutters-row-0 gutters-row-v-lg-2 gutters-row-v-md-2 gutters-row-v-2 style-440 style-local-596-c5 position-relative\">\n                  <!---->\n                  <div class=\"h-row justify-content-lg-center justify-content-md-center justify-content-center align-items-lg-stretch align-items-md-stretch align-items-stretch gutters-col-lg-2 gutters-col-md-2 gutters-col-0 gutters-col-v-lg-2 gutters-col-v-md-2 gutters-col-v-2\">\n                    <!---->\n                    <div class=\"h-column h-column-container d-flex h-col-lg-auto h-col-md-auto h-col-auto style-441-outer style-local-596-c6-outer\">\n                      <div data-colibri-id=\"596-c6\" class=\"d-flex h-flex-basis h-column__inner h-px-lg-2 h-px-md-2 h-px-2 v-inner-lg-2 v-inner-md-2 v-inner-2 style-441 style-local-596-c6 position-relative\">\n                        <!---->\n                        <!---->\n                        <div class=\"w-100 h-y-container h-column__content h-column__v-align flex-basis-100 align-self-lg-start align-self-md-start align-self-start\">\n                          <!---->\n                          <div data-colibri-id=\"596-c7\" class=\"h-global-transition-all h-heading style-442 style-local-596-c7 position-relative h-element\">\n                            <!---->\n                            <div class=\"h-heading__outer style-442 style-local-596-c7\">\n                              <!---->\n                              <!---->\n                              <a href=\"https:\/\/bomjesus.pt\/\" target=\"_blank\" h-use-smooth-scroll=\"true\" rel=\"noopener\">\n                                <h4 class=\"\">BOM JESUS OF THE MOUNT<\/h4>\n                              <\/a>\n                            <\/div>\n                          <\/div>\n                        <\/div>\n                      <\/div>\n                    <\/div>\n                  <\/div>\n                <\/div>\n              <\/div>\n            <\/div>\n          <\/div>\n          <div class=\"h-column h-column-container d-flex h-col-lg-4 h-col-md-4 h-col-12 style-443-outer style-local-596-c8-outer\">\n            <div data-colibri-id=\"596-c8\" class=\"d-flex h-flex-basis h-column__inner h-px-lg-2 h-px-md-0 h-px-2 v-inner-lg-2 v-inner-md-0 v-inner-2 style-443 style-local-596-c8 position-relative\">\n              <!---->\n              <!---->\n              <div class=\"w-100 h-y-container h-column__content h-column__v-align flex-basis-100 align-self-lg-center align-self-md-center align-self-center\">\n                <!---->\n                <div data-colibri-id=\"596-c9\" class=\"h-global-transition-all h-heading style-444 style-local-596-c9 position-relative h-element\">\n                  <!---->\n                  <div class=\"h-heading__outer style-444 style-local-596-c9\">\n                    <!---->\n                    <!---->\n                    <h3 class=\"\">Discover Braga<\/h3>\n                  <\/div>\n                <\/div>\n                <div data-colibri-id=\"596-c10\" class=\"h-text h-text-component style-445 style-local-596-c10 position-relative h-element\">\n                  <!---->\n                  <!---->\n                  <div class=\"\">\n                    <p>There <span style=\"font-weight: 600;\">Rome <\/span>Portugese<\/p>\n                  <\/div>\n                <\/div>\n                <div data-colibri-id=\"596-c11\" class=\"h-text h-text-component style-446 style-local-596-c11 position-relative h-element\">\n                  <!---->\n                  <!---->\n                  <div class=\"\">\n                    <p>Founded more than 2000 years ago by the Romans, Braga is by far the oldest city in Portugal, nicknamed the Portuguese Rome due to its origins and its heritage marked by the Christian religion.<\/p>\n                  <\/div>\n                <\/div>\n                <div data-colibri-id=\"596-c12\" class=\"icon-list d-flex justify-content-lg-center justify-content-md-center justify-content-center style-447 style-local-596-c12 position-relative h-element\">\n                  <!---->\n                  <ul class=\"ul-list-icon vertical-on-desktop vertical-on-tablet vertical-on-mobile justify-content-lg-center justify-content-md-center justify-content-center\">\n                    <!---->\n                    <li class=\"list-item no-gutters\">\n                      <!---->\n                      <div class=\"list-container-divider d-flex justify-content-lg-center justify-content-md-center justify-content-center first-el-spacer\"><\/div> <span class=\"item-link no-gutters\"><div class=\"d-flex h-col no-gutters align-items-lg-center align-items-md-center align-items-center list-item-text-wrapper\"><div class=\"d-flex\"><span  class=\"h-svg-icon style-447-icon style-local-596-c12-icon\"><!--Icon by Font Awesome (https:\/\/fontawesome.com)-->\n    <svg version=\"1.1\" xmlns=\"http:\/\/www.w3.org\/2000\/svg\" xmlns:xlink=\"http:\/\/www.w3.org\/1999\/xlink\" id=\"map-marker\" viewbox=\"0 0 1049.8953 1896.0833\">\n      <path d=\"M768 640q0-106-75-181t-181-75-181 75-75 181 75 181 181 75 181-75 75-181zm256 0q0 109-33 179l-364 774q-16 33-47.5 52t-67.5 19-67.5-19-46.5-52L33 819Q0 749 0 640q0-212 150-362t362-150 362 150 150 362z\"><\/path>\n    <\/svg><\/span><\/div> <span class=\"list-text d-block\"><span>32 km<\/span><\/span>\n              <\/div>\n              <\/span>\n              <div class=\"list-container-divider d-flex justify-content-lg-center justify-content-md-center justify-content-center\" style=\"display: none;\">\n                <!---->\n              <\/div>\n              <div class=\"list-container-divider d-flex justify-content-lg-center justify-content-md-center justify-content-center last-el-spacer\"><\/div>\n              <\/li>\n              <\/ul>\n            <\/div>\n          <\/div>\n        <\/div>\n      <\/div>\n      <div class=\"h-column h-column-container d-flex h-col-lg-4 h-col-md-4 h-col-12 style-448-outer style-local-596-c13-outer\">\n        <div data-colibri-id=\"596-c13\" class=\"d-flex h-flex-basis h-column__inner h-px-lg-0 h-px-md-0 h-px-0 v-inner-lg-0 v-inner-md-0 v-inner-0 style-448 style-local-596-c13 position-relative\">\n          <!---->\n          <!---->\n          <div class=\"w-100 h-y-container h-column__content h-column__v-align flex-basis-100 align-self-lg-center align-self-md-center align-self-center\">\n            <!---->\n            <div data-colibri-id=\"596-c14\" class=\"h-row-container gutters-row-lg-2 gutters-row-md-2 gutters-row-0 gutters-row-v-lg-2 gutters-row-v-md-2 gutters-row-v-2 style-449 style-local-596-c14 position-relative\">\n              <!---->\n              <div class=\"h-row justify-content-lg-center justify-content-md-center justify-content-center align-items-lg-stretch align-items-md-stretch align-items-stretch gutters-col-lg-2 gutters-col-md-2 gutters-col-0 gutters-col-v-lg-2 gutters-col-v-md-2 gutters-col-v-2\">\n                <!---->\n                <div class=\"h-column h-column-container d-flex h-col-lg-auto h-col-md-auto h-col-auto style-441-outer style-local-596-c15-outer\">\n                  <div data-colibri-id=\"596-c15\" class=\"d-flex h-flex-basis h-column__inner h-px-lg-2 h-px-md-2 h-px-2 v-inner-lg-2 v-inner-md-2 v-inner-2 style-441 style-local-596-c15 position-relative\">\n                    <!---->\n                    <!---->\n                    <div class=\"w-100 h-y-container h-column__content h-column__v-align flex-basis-100 align-self-lg-start align-self-md-start align-self-start\">\n                      <!---->\n                      <div data-colibri-id=\"596-c16\" class=\"h-global-transition-all h-heading style-442 style-local-596-c16 position-relative h-element\">\n                        <!---->\n                        <div class=\"h-heading__outer style-442 style-local-596-c16\">\n                          <!---->\n                          <!---->\n                          <a href=\"https:\/\/www.visitportugal.com\/fr\/content\/se-de-braga\" target=\"_blank\" h-use-smooth-scroll=\"true\" rel=\"noopener\">\n                            <h4 class=\"\">braga cathedral<\/h4>\n                          <\/a>\n                        <\/div>\n                      <\/div>\n                    <\/div>\n                  <\/div>\n                <\/div>\n              <\/div>\n            <\/div>\n          <\/div>\n        <\/div>\n      <\/div>\n      <div class=\"h-column h-column-container d-flex h-col-lg-4 h-col-md-4 h-col-12 style-450-outer style-local-596-c17-outer\">\n        <div data-colibri-id=\"596-c17\" class=\"d-flex h-flex-basis h-column__inner h-px-lg-0 h-px-md-0 h-px-0 v-inner-lg-0 v-inner-md-0 v-inner-0 style-450 style-local-596-c17 position-relative\">\n          <!---->\n          <!---->\n          <div class=\"w-100 h-y-container h-column__content h-column__v-align flex-basis-100 align-self-lg-center align-self-md-center align-self-center\">\n            <!---->\n            <div data-colibri-id=\"596-c18\" class=\"h-row-container gutters-row-lg-2 gutters-row-md-2 gutters-row-0 gutters-row-v-lg-2 gutters-row-v-md-2 gutters-row-v-2 style-451 style-local-596-c18 position-relative\">\n              <!---->\n              <div class=\"h-row justify-content-lg-center justify-content-md-center justify-content-center align-items-lg-stretch align-items-md-stretch align-items-stretch gutters-col-lg-2 gutters-col-md-2 gutters-col-0 gutters-col-v-lg-2 gutters-col-v-md-2 gutters-col-v-2\">\n                <!---->\n                <div class=\"h-column h-column-container d-flex h-col-lg-auto h-col-md-auto h-col-auto style-441-outer style-local-596-c19-outer\">\n                  <div data-colibri-id=\"596-c19\" class=\"d-flex h-flex-basis h-column__inner h-px-lg-2 h-px-md-2 h-px-2 v-inner-lg-2 v-inner-md-2 v-inner-2 style-441 style-local-596-c19 position-relative\">\n                    <!---->\n                    <!---->\n                    <div class=\"w-100 h-y-container h-column__content h-column__v-align flex-basis-100 align-self-lg-start align-self-md-start align-self-start\">\n                      <!---->\n                      <div data-colibri-id=\"596-c20\" class=\"h-global-transition-all h-heading style-442 style-local-596-c20 position-relative h-element\">\n                        <!---->\n                        <div class=\"h-heading__outer style-442 style-local-596-c20\">\n                          <!---->\n                          <!---->\n                          <a href=\"https:\/\/bomjesus.pt\/\" target=\"_blank\" h-use-smooth-scroll=\"true\" rel=\"noopener\">\n                            <h4 class=\"\">BOM JESUS SANCTUARY<\/h4>\n                          <\/a>\n                        <\/div>\n                      <\/div>\n                    <\/div>\n                  <\/div>\n                <\/div>\n              <\/div>\n            <\/div>\n          <\/div>\n        <\/div>\n      <\/div>\n      <div class=\"h-column h-column-container d-flex h-col-lg-4 h-col-md-4 h-col-12 style-452-outer style-local-596-c21-outer\">\n        <div data-colibri-id=\"596-c21\" class=\"d-flex h-flex-basis h-column__inner h-px-lg-0 h-px-md-0 h-px-0 v-inner-lg-0 v-inner-md-0 v-inner-0 style-452 style-local-596-c21 position-relative\">\n          <!---->\n          <!---->\n          <div class=\"w-100 h-y-container h-column__content h-column__v-align flex-basis-100 align-self-lg-center align-self-md-center align-self-center\">\n            <!---->\n            <div data-colibri-id=\"596-c22\" class=\"h-row-container gutters-row-lg-2 gutters-row-md-2 gutters-row-0 gutters-row-v-lg-2 gutters-row-v-md-2 gutters-row-v-2 style-453 style-local-596-c22 position-relative\">\n              <!---->\n              <div class=\"h-row justify-content-lg-center justify-content-md-center justify-content-center align-items-lg-stretch align-items-md-stretch align-items-stretch gutters-col-lg-2 gutters-col-md-2 gutters-col-0 gutters-col-v-lg-2 gutters-col-v-md-2 gutters-col-v-2\">\n                <!---->\n                <div class=\"h-column h-column-container d-flex h-col-lg-auto h-col-md-auto h-col-auto style-441-outer style-local-596-c23-outer\">\n                  <div data-colibri-id=\"596-c23\" class=\"d-flex h-flex-basis h-column__inner h-px-lg-2 h-px-md-2 h-px-2 v-inner-lg-2 v-inner-md-2 v-inner-2 style-441 style-local-596-c23 position-relative\">\n                    <!---->\n                    <!---->\n                    <div class=\"w-100 h-y-container h-column__content h-column__v-align flex-basis-100 align-self-lg-start align-self-md-start align-self-start\">\n                      <!---->\n                      <div data-colibri-id=\"596-c24\" class=\"h-global-transition-all h-heading style-442 style-local-596-c24 position-relative h-element\">\n                        <!---->\n                        <div class=\"h-heading__outer style-442 style-local-596-c24\">\n                          <!---->\n                          <!---->\n                          <h4 class=\"\">REPUBLIC SQUARE<\/h4>\n                        <\/div>\n                      <\/div>\n                    <\/div>\n                  <\/div>\n                <\/div>\n              <\/div>\n            <\/div>\n          <\/div>\n        <\/div>\n      <\/div>\n      <div class=\"h-column h-column-container d-flex h-col-lg-4 h-col-md-4 h-col-12 style-454-outer style-local-596-c25-outer\">\n        <div data-colibri-id=\"596-c25\" class=\"d-flex h-flex-basis h-column__inner h-px-lg-0 h-px-md-0 h-px-0 v-inner-lg-0 v-inner-md-0 v-inner-0 style-454 style-local-596-c25 position-relative\">\n          <!---->\n          <!---->\n          <div class=\"w-100 h-y-container h-column__content h-column__v-align flex-basis-100 align-self-lg-center align-self-md-center align-self-center\">\n            <!---->\n            <div data-colibri-id=\"596-c26\" class=\"h-row-container gutters-row-lg-2 gutters-row-md-2 gutters-row-0 gutters-row-v-lg-2 gutters-row-v-md-2 gutters-row-v-2 style-455 style-local-596-c26 position-relative\">\n              <!---->\n              <div class=\"h-row justify-content-lg-center justify-content-md-center justify-content-center align-items-lg-stretch align-items-md-stretch align-items-stretch gutters-col-lg-2 gutters-col-md-2 gutters-col-0 gutters-col-v-lg-2 gutters-col-v-md-2 gutters-col-v-2\">\n                <!---->\n                <div class=\"h-column h-column-container d-flex h-col-lg-auto h-col-md-auto h-col-auto style-441-outer style-local-596-c27-outer\">\n                  <div data-colibri-id=\"596-c27\" class=\"d-flex h-flex-basis h-column__inner h-px-lg-2 h-px-md-2 h-px-2 v-inner-lg-2 v-inner-md-2 v-inner-2 style-441 style-local-596-c27 position-relative\">\n                    <!---->\n                    <!---->\n                    <div class=\"w-100 h-y-container h-column__content h-column__v-align flex-basis-100 align-self-lg-start align-self-md-start align-self-start\">\n                      <!---->\n                      <div data-colibri-id=\"596-c28\" class=\"h-global-transition-all h-heading style-442 style-local-596-c28 position-relative h-element\">\n                        <!---->\n                        <div class=\"h-heading__outer style-442 style-local-596-c28\">\n                          <!---->\n                          <!---->\n                          <h4 class=\"\">NEW DOOR ARCH<\/h4>\n                        <\/div>\n                      <\/div>\n                    <\/div>\n                  <\/div>\n                <\/div>\n              <\/div>\n            <\/div>\n          <\/div>\n        <\/div>\n      <\/div>\n    <\/div>\n  <\/div>\n  <div data-colibri-id=\"596-c29\" class=\"h-row-container gutters-row-lg-2 gutters-row-md-2 gutters-row-0 gutters-row-v-lg-2 gutters-row-v-md-2 gutters-row-v-2 style-456 style-local-596-c29 position-relative\">\n    <!---->\n    <div class=\"h-row justify-content-lg-center justify-content-md-center justify-content-center align-items-lg-stretch align-items-md-stretch align-items-stretch gutters-col-lg-2 gutters-col-md-2 gutters-col-0 gutters-col-v-lg-2 gutters-col-v-md-2 gutters-col-v-2\">\n      <!---->\n      <div class=\"h-column h-column-container d-flex h-col-lg-auto h-col-md-auto h-col-auto style-457-outer style-local-596-c30-outer\">\n        <div data-colibri-id=\"596-c30\" class=\"d-flex h-flex-basis h-column__inner h-px-lg-2 h-px-md-2 h-px-2 v-inner-lg-2 v-inner-md-2 v-inner-2 style-457 style-local-596-c30 position-relative\">\n          <!---->\n          <!---->\n          <div class=\"w-100 h-y-container h-column__content h-column__v-align flex-basis-100 align-self-lg-start align-self-md-start align-self-start\">\n            <!---->\n            <div data-colibri-id=\"596-c31\" class=\"h-x-container style-458 style-local-596-c31 position-relative h-element\">\n              <!---->\n              <div class=\"h-x-container-inner style-dynamic-596-c31-group style-458-spacing style-local-596-c31-spacing\"><span class=\"h-button__outer style-459-outer style-local-596-c32-outer d-inline-flex h-element\"><a h-use-smooth-scroll=\"true\" href=\"https:\/\/bellae-holiday.vacation-bookings.com\"  data-colibri-id=\"596-c32\" class=\"d-flex w-100 align-items-center h-button justify-content-lg-center justify-content-md-center justify-content-center style-459 style-local-596-c32 position-relative\"><!----><!----> <span>book your stay<\/span><\/a>\n                <\/span>\n              <\/div>\n            <\/div>\n          <\/div>\n        <\/div>\n      <\/div>\n    <\/div>\n  <\/div>\n<\/div>\n<\/div>\n<\/div>","protected":false},"excerpt":{"rendered":"<p>BOM JESUS DU MONT D\u00e9couvrez Braga La Rome portugaise Fond\u00e9e il y a plus de 2000 ans par les Romains, Braga est de loin la plus ancienne ville du Portugal, surnomm\u00e9e la Rome portugaise due \u00e0 ses origines et son patrimoine empreint de la religion chr\u00e9tienne. 32 kms cath\u00e9drale de braga SANCTUAIRE BOM JESUS PLACE [&hellip;]<\/p>\n","protected":false},"author":1,"featured_media":401,"parent":556,"menu_order":0,"comment_status":"closed","ping_status":"closed","template":"page-templates\/full-width-page.php","meta":{"_joinchat":[],"footnotes":""},"class_list":["post-596","page","type-page","status-publish","has-post-thumbnail","hentry"],"yoast_head":"<!-- This site is optimized with the Yoast SEO plugin v27.4 - https:\/\/yoast.com\/product\/yoast-seo-wordpress\/ -->\n<title>Visiter Braga | Bella\u00eb Holiday - Un s\u00e9jour inoubliable<\/title>\n<meta name=\"description\" content=\"Envie de visiter Braga ? Bella\u00eb Holiday est id\u00e9alement plac\u00e9 pour profiter de la mer et visiter cette magnifique ville et ses monuments...\" \/>\n<meta name=\"robots\" content=\"index, follow, max-snippet:-1, max-image-preview:large, max-video-preview:-1\" \/>\n<link rel=\"canonical\" href=\"https:\/\/www.bellae-holiday.com\/en\/vacances-nord-portugal\/visiter-braga\/\" \/>\n<meta property=\"og:locale\" content=\"en_US\" \/>\n<meta property=\"og:type\" content=\"article\" \/>\n<meta property=\"og:title\" content=\"Visiter Braga | Bella\u00eb Holiday - Un s\u00e9jour inoubliable\" \/>\n<meta property=\"og:description\" content=\"Envie de visiter Braga ? Bella\u00eb Holiday est id\u00e9alement plac\u00e9 pour profiter de la mer et visiter cette magnifique ville et ses monuments...\" \/>\n<meta property=\"og:url\" content=\"https:\/\/www.bellae-holiday.com\/en\/vacances-nord-portugal\/visiter-braga\/\" \/>\n<meta property=\"og:site_name\" content=\"Bella\u00eb Holiday\" \/>\n<meta property=\"article:publisher\" content=\"https:\/\/www.facebook.com\/bellae.holiday\/\" \/>\n<meta property=\"article:modified_time\" content=\"2023-09-05T17:45:24+00:00\" \/>\n<meta property=\"og:image\" content=\"https:\/\/www.bellae-holiday.com\/wp-content\/uploads\/2023\/02\/39.jpg\" \/>\n\t<meta property=\"og:image:width\" content=\"1024\" \/>\n\t<meta property=\"og:image:height\" content=\"768\" \/>\n\t<meta property=\"og:image:type\" content=\"image\/jpeg\" \/>\n<meta name=\"twitter:card\" content=\"summary_large_image\" \/>\n<meta name=\"twitter:label1\" content=\"Est. reading time\" \/>\n\t<meta name=\"twitter:data1\" content=\"1 minute\" \/>\n<script type=\"application\/ld+json\" class=\"yoast-schema-graph\">{\"@context\":\"https:\\\/\\\/schema.org\",\"@graph\":[{\"@type\":\"WebPage\",\"@id\":\"https:\\\/\\\/www.bellae-holiday.com\\\/vacances-nord-portugal\\\/visiter-braga\\\/\",\"url\":\"https:\\\/\\\/www.bellae-holiday.com\\\/vacances-nord-portugal\\\/visiter-braga\\\/\",\"name\":\"Visiter Braga | Bella\u00eb Holiday - Un s\u00e9jour inoubliable\",\"isPartOf\":{\"@id\":\"https:\\\/\\\/www.bellae-holiday.com\\\/#website\"},\"primaryImageOfPage\":{\"@id\":\"https:\\\/\\\/www.bellae-holiday.com\\\/vacances-nord-portugal\\\/visiter-braga\\\/#primaryimage\"},\"image\":{\"@id\":\"https:\\\/\\\/www.bellae-holiday.com\\\/vacances-nord-portugal\\\/visiter-braga\\\/#primaryimage\"},\"thumbnailUrl\":\"https:\\\/\\\/www.bellae-holiday.com\\\/wp-content\\\/uploads\\\/2023\\\/02\\\/39.jpg\",\"datePublished\":\"2023-03-04T02:15:33+00:00\",\"dateModified\":\"2023-09-05T17:45:24+00:00\",\"description\":\"Envie de visiter Braga ? Bella\u00eb Holiday est id\u00e9alement plac\u00e9 pour profiter de la mer et visiter cette magnifique ville et ses monuments...\",\"breadcrumb\":{\"@id\":\"https:\\\/\\\/www.bellae-holiday.com\\\/vacances-nord-portugal\\\/visiter-braga\\\/#breadcrumb\"},\"inLanguage\":\"en-US\",\"potentialAction\":[{\"@type\":\"ReadAction\",\"target\":[\"https:\\\/\\\/www.bellae-holiday.com\\\/vacances-nord-portugal\\\/visiter-braga\\\/\"]}]},{\"@type\":\"ImageObject\",\"inLanguage\":\"en-US\",\"@id\":\"https:\\\/\\\/www.bellae-holiday.com\\\/vacances-nord-portugal\\\/visiter-braga\\\/#primaryimage\",\"url\":\"https:\\\/\\\/www.bellae-holiday.com\\\/wp-content\\\/uploads\\\/2023\\\/02\\\/39.jpg\",\"contentUrl\":\"https:\\\/\\\/www.bellae-holiday.com\\\/wp-content\\\/uploads\\\/2023\\\/02\\\/39.jpg\",\"width\":1024,\"height\":768,\"caption\":\"braga bom jesus\"},{\"@type\":\"BreadcrumbList\",\"@id\":\"https:\\\/\\\/www.bellae-holiday.com\\\/vacances-nord-portugal\\\/visiter-braga\\\/#breadcrumb\",\"itemListElement\":[{\"@type\":\"ListItem\",\"position\":1,\"name\":\"Accueil\",\"item\":\"https:\\\/\\\/www.bellae-holiday.com\\\/\"},{\"@type\":\"ListItem\",\"position\":2,\"name\":\"A VISITER\",\"item\":\"https:\\\/\\\/www.bellae-holiday.com\\\/vacances-nord-portugal\\\/\"},{\"@type\":\"ListItem\",\"position\":3,\"name\":\"BRAGA\"}]},{\"@type\":\"WebSite\",\"@id\":\"https:\\\/\\\/www.bellae-holiday.com\\\/#website\",\"url\":\"https:\\\/\\\/www.bellae-holiday.com\\\/\",\"name\":\"Bella\u00eb Holiday\",\"description\":\"Un s\u00e9jour inoubliable\",\"publisher\":{\"@id\":\"https:\\\/\\\/www.bellae-holiday.com\\\/#organization\"},\"potentialAction\":[{\"@type\":\"SearchAction\",\"target\":{\"@type\":\"EntryPoint\",\"urlTemplate\":\"https:\\\/\\\/www.bellae-holiday.com\\\/?s={search_term_string}\"},\"query-input\":{\"@type\":\"PropertyValueSpecification\",\"valueRequired\":true,\"valueName\":\"search_term_string\"}}],\"inLanguage\":\"en-US\"},{\"@type\":\"Organization\",\"@id\":\"https:\\\/\\\/www.bellae-holiday.com\\\/#organization\",\"name\":\"Bella\u00eb Holiday\",\"url\":\"https:\\\/\\\/www.bellae-holiday.com\\\/\",\"logo\":{\"@type\":\"ImageObject\",\"inLanguage\":\"en-US\",\"@id\":\"https:\\\/\\\/www.bellae-holiday.com\\\/#\\\/schema\\\/logo\\\/image\\\/\",\"url\":\"https:\\\/\\\/www.bellae-holiday.com\\\/wp-content\\\/uploads\\\/2023\\\/02\\\/LOGO-Bellae-Holiday.png\",\"contentUrl\":\"https:\\\/\\\/www.bellae-holiday.com\\\/wp-content\\\/uploads\\\/2023\\\/02\\\/LOGO-Bellae-Holiday.png\",\"width\":2000,\"height\":2000,\"caption\":\"Bella\u00eb Holiday\"},\"image\":{\"@id\":\"https:\\\/\\\/www.bellae-holiday.com\\\/#\\\/schema\\\/logo\\\/image\\\/\"},\"sameAs\":[\"https:\\\/\\\/www.facebook.com\\\/bellae.holiday\\\/\"]}]}<\/script>\n<!-- \/ Yoast SEO plugin. -->","yoast_head_json":{"title":"Visit Braga | Bella\u00eb Holiday - An unforgettable stay","description":"Want to visit Braga? Bella\u00eb Holiday is ideally located to enjoy the sea and visit this magnificent city and its monuments...","robots":{"index":"index","follow":"follow","max-snippet":"max-snippet:-1","max-image-preview":"max-image-preview:large","max-video-preview":"max-video-preview:-1"},"canonical":"https:\/\/www.bellae-holiday.com\/en\/vacances-nord-portugal\/visiter-braga\/","og_locale":"en_US","og_type":"article","og_title":"Visiter Braga | Bella\u00eb Holiday - Un s\u00e9jour inoubliable","og_description":"Envie de visiter Braga ? Bella\u00eb Holiday est id\u00e9alement plac\u00e9 pour profiter de la mer et visiter cette magnifique ville et ses monuments...","og_url":"https:\/\/www.bellae-holiday.com\/en\/vacances-nord-portugal\/visiter-braga\/","og_site_name":"Bella\u00eb Holiday","article_publisher":"https:\/\/www.facebook.com\/bellae.holiday\/","article_modified_time":"2023-09-05T17:45:24+00:00","og_image":[{"width":1024,"height":768,"url":"https:\/\/www.bellae-holiday.com\/wp-content\/uploads\/2023\/02\/39.jpg","type":"image\/jpeg"}],"twitter_card":"summary_large_image","twitter_misc":{"Est. reading time":"1 minute"},"schema":{"@context":"https:\/\/schema.org","@graph":[{"@type":"WebPage","@id":"https:\/\/www.bellae-holiday.com\/vacances-nord-portugal\/visiter-braga\/","url":"https:\/\/www.bellae-holiday.com\/vacances-nord-portugal\/visiter-braga\/","name":"Visit Braga | Bella\u00eb Holiday - An unforgettable stay","isPartOf":{"@id":"https:\/\/www.bellae-holiday.com\/#website"},"primaryImageOfPage":{"@id":"https:\/\/www.bellae-holiday.com\/vacances-nord-portugal\/visiter-braga\/#primaryimage"},"image":{"@id":"https:\/\/www.bellae-holiday.com\/vacances-nord-portugal\/visiter-braga\/#primaryimage"},"thumbnailUrl":"https:\/\/www.bellae-holiday.com\/wp-content\/uploads\/2023\/02\/39.jpg","datePublished":"2023-03-04T02:15:33+00:00","dateModified":"2023-09-05T17:45:24+00:00","description":"Want to visit Braga? Bella\u00eb Holiday is ideally located to enjoy the sea and visit this magnificent city and its monuments...","breadcrumb":{"@id":"https:\/\/www.bellae-holiday.com\/vacances-nord-portugal\/visiter-braga\/#breadcrumb"},"inLanguage":"en-US","potentialAction":[{"@type":"ReadAction","target":["https:\/\/www.bellae-holiday.com\/vacances-nord-portugal\/visiter-braga\/"]}]},{"@type":"ImageObject","inLanguage":"en-US","@id":"https:\/\/www.bellae-holiday.com\/vacances-nord-portugal\/visiter-braga\/#primaryimage","url":"https:\/\/www.bellae-holiday.com\/wp-content\/uploads\/2023\/02\/39.jpg","contentUrl":"https:\/\/www.bellae-holiday.com\/wp-content\/uploads\/2023\/02\/39.jpg","width":1024,"height":768,"caption":"braga bom jesus"},{"@type":"BreadcrumbList","@id":"https:\/\/www.bellae-holiday.com\/vacances-nord-portugal\/visiter-braga\/#breadcrumb","itemListElement":[{"@type":"ListItem","position":1,"name":"Accueil","item":"https:\/\/www.bellae-holiday.com\/"},{"@type":"ListItem","position":2,"name":"A VISITER","item":"https:\/\/www.bellae-holiday.com\/vacances-nord-portugal\/"},{"@type":"ListItem","position":3,"name":"BRAGA"}]},{"@type":"WebSite","@id":"https:\/\/www.bellae-holiday.com\/#website","url":"https:\/\/www.bellae-holiday.com\/","name":"Bellae Holiday","description":"An unforgettable stay","publisher":{"@id":"https:\/\/www.bellae-holiday.com\/#organization"},"potentialAction":[{"@type":"SearchAction","target":{"@type":"EntryPoint","urlTemplate":"https:\/\/www.bellae-holiday.com\/?s={search_term_string}"},"query-input":{"@type":"PropertyValueSpecification","valueRequired":true,"valueName":"search_term_string"}}],"inLanguage":"en-US"},{"@type":"Organization","@id":"https:\/\/www.bellae-holiday.com\/#organization","name":"Bellae Holiday","url":"https:\/\/www.bellae-holiday.com\/","logo":{"@type":"ImageObject","inLanguage":"en-US","@id":"https:\/\/www.bellae-holiday.com\/#\/schema\/logo\/image\/","url":"https:\/\/www.bellae-holiday.com\/wp-content\/uploads\/2023\/02\/LOGO-Bellae-Holiday.png","contentUrl":"https:\/\/www.bellae-holiday.com\/wp-content\/uploads\/2023\/02\/LOGO-Bellae-Holiday.png","width":2000,"height":2000,"caption":"Bella\u00eb Holiday"},"image":{"@id":"https:\/\/www.bellae-holiday.com\/#\/schema\/logo\/image\/"},"sameAs":["https:\/\/www.facebook.com\/bellae.holiday\/"]}]}},"jetpack_sharing_enabled":true,"_links":{"self":[{"href":"https:\/\/www.bellae-holiday.com\/en\/wp-json\/wp\/v2\/pages\/596","targetHints":{"allow":["GET"]}}],"collection":[{"href":"https:\/\/www.bellae-holiday.com\/en\/wp-json\/wp\/v2\/pages"}],"about":[{"href":"https:\/\/www.bellae-holiday.com\/en\/wp-json\/wp\/v2\/types\/page"}],"author":[{"embeddable":true,"href":"https:\/\/www.bellae-holiday.com\/en\/wp-json\/wp\/v2\/users\/1"}],"replies":[{"embeddable":true,"href":"https:\/\/www.bellae-holiday.com\/en\/wp-json\/wp\/v2\/comments?post=596"}],"version-history":[{"count":6,"href":"https:\/\/www.bellae-holiday.com\/en\/wp-json\/wp\/v2\/pages\/596\/revisions"}],"predecessor-version":[{"id":2044,"href":"https:\/\/www.bellae-holiday.com\/en\/wp-json\/wp\/v2\/pages\/596\/revisions\/2044"}],"up":[{"embeddable":true,"href":"https:\/\/www.bellae-holiday.com\/en\/wp-json\/wp\/v2\/pages\/556"}],"wp:featuredmedia":[{"embeddable":true,"href":"https:\/\/www.bellae-holiday.com\/en\/wp-json\/wp\/v2\/media\/401"}],"wp:attachment":[{"href":"https:\/\/www.bellae-holiday.com\/en\/wp-json\/wp\/v2\/media?parent=596"}],"curies":[{"name":"wp","href":"https:\/\/api.w.org\/{rel}","templated":true}]}}