{"id":616,"date":"2023-03-04T02:25:03","date_gmt":"2023-03-04T02:25:03","guid":{"rendered":"https:\/\/www.bellae-holiday.com\/?page_id=616"},"modified":"2023-09-05T17:49:22","modified_gmt":"2023-09-05T17:49:22","slug":"visiter-guimaraes","status":"publish","type":"page","link":"https:\/\/www.bellae-holiday.com\/en\/vacances-nord-portugal\/visiter-guimaraes\/","title":{"rendered":"GUIMARES"},"content":{"rendered":"<div data-colibri-id=\"616-c1\" class=\"style-484 style-local-616-c1 position-relative\">\n  <!---->\n  <div data-colibri-component=\"section\" data-colibri-id=\"616-c2\" id=\"reusable-sections\" class=\"h-section h-section-global-spacing d-flex align-items-lg-center align-items-md-center align-items-center style-485 style-local-616-c2 position-relative\">\n    <!---->\n    <!---->\n    <div class=\"h-section-grid-container h-section-boxed-container\">\n      <!---->\n      <div data-colibri-id=\"616-c3\" class=\"h-row-container gutters-row-lg-2 gutters-row-md-2 gutters-row-0 gutters-row-v-lg-2 gutters-row-v-md-2 gutters-row-v-2 style-486 style-local-616-c3 position-relative\">\n        <!---->\n        <div class=\"h-row justify-content-lg-center justify-content-md-center justify-content-center align-items-lg-stretch align-items-md-stretch align-items-stretch gutters-col-lg-2 gutters-col-md-2 gutters-col-0 gutters-col-v-lg-2 gutters-col-v-md-2 gutters-col-v-2\">\n          <!---->\n          <div class=\"h-column h-column-container d-flex h-col-lg-4 h-col-md-4 h-col-12 style-487-outer style-local-616-c4-outer\">\n            <div data-colibri-id=\"616-c4\" class=\"d-flex h-flex-basis h-column__inner h-px-lg-0 h-px-md-0 h-px-0 v-inner-lg-0 v-inner-md-0 v-inner-0 style-487 style-local-616-c4 position-relative\">\n              <!---->\n              <!---->\n              <div class=\"w-100 h-y-container h-column__content h-column__v-align flex-basis-100 align-self-lg-center align-self-md-center align-self-center\">\n                <!---->\n                <div data-colibri-id=\"616-c5\" class=\"h-row-container gutters-row-lg-2 gutters-row-md-2 gutters-row-0 gutters-row-v-lg-2 gutters-row-v-md-2 gutters-row-v-2 style-488 style-local-616-c5 position-relative\">\n                  <!---->\n                  <div class=\"h-row justify-content-lg-center justify-content-md-center justify-content-center align-items-lg-stretch align-items-md-stretch align-items-stretch gutters-col-lg-2 gutters-col-md-2 gutters-col-0 gutters-col-v-lg-2 gutters-col-v-md-2 gutters-col-v-2\">\n                    <!---->\n                    <div class=\"h-column h-column-container d-flex h-col-lg-auto h-col-md-auto h-col-auto style-489-outer style-local-616-c6-outer\">\n                      <div data-colibri-id=\"616-c6\" class=\"d-flex h-flex-basis h-column__inner h-px-lg-2 h-px-md-2 h-px-2 v-inner-lg-2 v-inner-md-2 v-inner-2 style-489 style-local-616-c6 position-relative\">\n                        <!---->\n                        <!---->\n                        <div class=\"w-100 h-y-container h-column__content h-column__v-align flex-basis-100 align-self-lg-start align-self-md-start align-self-start\">\n                          <!---->\n                          <div data-colibri-id=\"616-c7\" class=\"h-global-transition-all h-heading style-490 style-local-616-c7 position-relative h-element\">\n                            <!---->\n                            <div class=\"h-heading__outer style-490 style-local-616-c7\">\n                              <!---->\n                              <!---->\n                              <a href=\"https:\/\/pacodosduques.gov.pt\/monumentos\/castelo-de-guimaraes\/?lang=fr\" target=\"_blank\" h-use-smooth-scroll=\"true\" rel=\"noopener\">\n                                <h4 class=\"\">MEDIEVAL CASTLE<\/h4>\n                              <\/a>\n                            <\/div>\n                          <\/div>\n                        <\/div>\n                      <\/div>\n                    <\/div>\n                  <\/div>\n                <\/div>\n              <\/div>\n            <\/div>\n          <\/div>\n          <div class=\"h-column h-column-container d-flex h-col-lg-4 h-col-md-4 h-col-12 style-491-outer style-local-616-c8-outer\">\n            <div data-colibri-id=\"616-c8\" class=\"d-flex h-flex-basis h-column__inner h-px-lg-2 h-px-md-0 h-px-2 v-inner-lg-2 v-inner-md-0 v-inner-2 style-491 style-local-616-c8 position-relative\">\n              <!---->\n              <!---->\n              <div class=\"w-100 h-y-container h-column__content h-column__v-align flex-basis-100 align-self-lg-center align-self-md-center align-self-center\">\n                <!---->\n                <div data-colibri-id=\"616-c9\" class=\"h-global-transition-all h-heading style-492 style-local-616-c9 position-relative h-element\">\n                  <!---->\n                  <div class=\"h-heading__outer style-492 style-local-616-c9\">\n                    <!---->\n                    <!---->\n                    <h3 class=\"\">Discover Guimar\u00e3es<\/h3>\n                  <\/div>\n                <\/div>\n                <div data-colibri-id=\"616-c10\" class=\"h-text h-text-component style-493 style-local-616-c10 position-relative h-element\">\n                  <!---->\n                  <!---->\n                  <div class=\"\">\n                    <p>there <span style=\"font-weight: 600;\">Cradle <\/span><span style=\"font-weight: 400;\">from Portugal<\/span><\/p>\n                  <\/div>\n                <\/div>\n                <div data-colibri-id=\"616-c11\" class=\"h-text h-text-component style-494 style-local-616-c11 position-relative h-element\">\n                  <!---->\n                  <!---->\n                  <div class=\"\">\n                    <p>the first king of Portugal reigned there for more than 46 years under the title of Alfonso 1st and made the Castle of Guimar\u00e3es his royal residence, hence its nickname: the &quot;cradle of Portugal&quot;.<\/p>\n                  <\/div>\n                <\/div>\n                <div data-colibri-id=\"616-c12\" class=\"icon-list d-flex justify-content-lg-center justify-content-md-center justify-content-center style-495 style-local-616-c12 position-relative h-element\">\n                  <!---->\n                  <ul class=\"ul-list-icon vertical-on-desktop vertical-on-tablet vertical-on-mobile justify-content-lg-center justify-content-md-center justify-content-center\">\n                    <!---->\n                    <li class=\"list-item no-gutters\">\n                      <!---->\n                      <div class=\"list-container-divider d-flex justify-content-lg-center justify-content-md-center justify-content-center first-el-spacer\"><\/div> <span class=\"item-link no-gutters\"><div class=\"d-flex h-col no-gutters align-items-lg-center align-items-md-center align-items-center list-item-text-wrapper\"><div class=\"d-flex\"><span  class=\"h-svg-icon style-495-icon style-local-616-c12-icon\"><!--Icon by Font Awesome (https:\/\/fontawesome.com)-->\n    <svg version=\"1.1\" xmlns=\"http:\/\/www.w3.org\/2000\/svg\" xmlns:xlink=\"http:\/\/www.w3.org\/1999\/xlink\" id=\"map-marker\" viewbox=\"0 0 1049.8953 1896.0833\">\n      <path d=\"M768 640q0-106-75-181t-181-75-181 75-75 181 75 181 181 75 181-75 75-181zm256 0q0 109-33 179l-364 774q-16 33-47.5 52t-67.5 19-67.5-19-46.5-52L33 819Q0 749 0 640q0-212 150-362t362-150 362 150 150 362z\"><\/path>\n    <\/svg><\/span><\/div> <span class=\"list-text d-block\"><span>50 km<\/span><\/span>\n              <\/div>\n              <\/span>\n              <div class=\"list-container-divider d-flex justify-content-lg-center justify-content-md-center justify-content-center\" style=\"display: none;\">\n                <!---->\n              <\/div>\n              <div class=\"list-container-divider d-flex justify-content-lg-center justify-content-md-center justify-content-center last-el-spacer\"><\/div>\n              <\/li>\n              <\/ul>\n            <\/div>\n          <\/div>\n        <\/div>\n      <\/div>\n      <div class=\"h-column h-column-container d-flex h-col-lg-4 h-col-md-4 h-col-12 style-496-outer style-local-616-c13-outer\">\n        <div data-colibri-id=\"616-c13\" class=\"d-flex h-flex-basis h-column__inner h-px-lg-0 h-px-md-0 h-px-0 v-inner-lg-0 v-inner-md-0 v-inner-0 style-496 style-local-616-c13 position-relative\">\n          <!---->\n          <!---->\n          <div class=\"w-100 h-y-container h-column__content h-column__v-align flex-basis-100 align-self-lg-center align-self-md-center align-self-center\">\n            <!---->\n            <div data-colibri-id=\"616-c14\" class=\"h-row-container gutters-row-lg-2 gutters-row-md-2 gutters-row-0 gutters-row-v-lg-2 gutters-row-v-md-2 gutters-row-v-2 style-497 style-local-616-c14 position-relative\">\n              <!---->\n              <div class=\"h-row justify-content-lg-center justify-content-md-center justify-content-center align-items-lg-stretch align-items-md-stretch align-items-stretch gutters-col-lg-2 gutters-col-md-2 gutters-col-0 gutters-col-v-lg-2 gutters-col-v-md-2 gutters-col-v-2\">\n                <!---->\n                <div class=\"h-column h-column-container d-flex h-col-lg-auto h-col-md-auto h-col-auto style-489-outer style-local-616-c15-outer\">\n                  <div data-colibri-id=\"616-c15\" class=\"d-flex h-flex-basis h-column__inner h-px-lg-2 h-px-md-2 h-px-2 v-inner-lg-2 v-inner-md-2 v-inner-2 style-489 style-local-616-c15 position-relative\">\n                    <!---->\n                    <!---->\n                    <div class=\"w-100 h-y-container h-column__content h-column__v-align flex-basis-100 align-self-lg-start align-self-md-start align-self-start\">\n                      <!---->\n                      <div data-colibri-id=\"616-c16\" class=\"h-global-transition-all h-heading style-490 style-local-616-c16 position-relative h-element\">\n                        <!---->\n                        <div class=\"h-heading__outer style-490 style-local-616-c16\">\n                          <!---->\n                          <!---->\n                          <h4 class=\"\">PLACE OF THE OLIVIER<\/h4>\n                        <\/div>\n                      <\/div>\n                    <\/div>\n                  <\/div>\n                <\/div>\n              <\/div>\n            <\/div>\n          <\/div>\n        <\/div>\n      <\/div>\n      <div class=\"h-column h-column-container d-flex h-col-lg-4 h-col-md-4 h-col-12 style-498-outer style-local-616-c17-outer\">\n        <div data-colibri-id=\"616-c17\" class=\"d-flex h-flex-basis h-column__inner h-px-lg-0 h-px-md-0 h-px-0 v-inner-lg-0 v-inner-md-0 v-inner-0 style-498 style-local-616-c17 position-relative\">\n          <!---->\n          <!---->\n          <div class=\"w-100 h-y-container h-column__content h-column__v-align flex-basis-100 align-self-lg-center align-self-md-center align-self-center\">\n            <!---->\n            <div data-colibri-id=\"616-c18\" class=\"h-row-container gutters-row-lg-2 gutters-row-md-2 gutters-row-0 gutters-row-v-lg-2 gutters-row-v-md-2 gutters-row-v-2 style-499 style-local-616-c18 position-relative\">\n              <!---->\n              <div class=\"h-row justify-content-lg-center justify-content-md-center justify-content-center align-items-lg-stretch align-items-md-stretch align-items-stretch gutters-col-lg-2 gutters-col-md-2 gutters-col-0 gutters-col-v-lg-2 gutters-col-v-md-2 gutters-col-v-2\">\n                <!---->\n                <div class=\"h-column h-column-container d-flex h-col-lg-auto h-col-md-auto h-col-auto style-489-outer style-local-616-c19-outer\">\n                  <div data-colibri-id=\"616-c19\" class=\"d-flex h-flex-basis h-column__inner h-px-lg-2 h-px-md-2 h-px-2 v-inner-lg-2 v-inner-md-2 v-inner-2 style-489 style-local-616-c19 position-relative\">\n                    <!---->\n                    <!---->\n                    <div class=\"w-100 h-y-container h-column__content h-column__v-align flex-basis-100 align-self-lg-start align-self-md-start align-self-start\">\n                      <!---->\n                      <div data-colibri-id=\"616-c20\" class=\"h-global-transition-all h-heading style-490 style-local-616-c20 position-relative h-element\">\n                        <!---->\n                        <div class=\"h-heading__outer style-490 style-local-616-c20\">\n                          <!---->\n                          <!---->\n                          <h4 class=\"\">OUR LADY OF CONSOLATION<\/h4>\n                        <\/div>\n                      <\/div>\n                    <\/div>\n                  <\/div>\n                <\/div>\n              <\/div>\n            <\/div>\n          <\/div>\n        <\/div>\n      <\/div>\n      <div class=\"h-column h-column-container d-flex h-col-lg-4 h-col-md-4 h-col-12 style-500-outer style-local-616-c21-outer\">\n        <div data-colibri-id=\"616-c21\" class=\"d-flex h-flex-basis h-column__inner h-px-lg-0 h-px-md-0 h-px-0 v-inner-lg-0 v-inner-md-0 v-inner-0 style-500 style-local-616-c21 position-relative\">\n          <!---->\n          <!---->\n          <div class=\"w-100 h-y-container h-column__content h-column__v-align flex-basis-100 align-self-lg-center align-self-md-center align-self-center\">\n            <!---->\n            <div data-colibri-id=\"616-c22\" class=\"h-row-container gutters-row-lg-2 gutters-row-md-2 gutters-row-0 gutters-row-v-lg-2 gutters-row-v-md-2 gutters-row-v-2 style-501 style-local-616-c22 position-relative\">\n              <!---->\n              <div class=\"h-row justify-content-lg-center justify-content-md-center justify-content-center align-items-lg-stretch align-items-md-stretch align-items-stretch gutters-col-lg-2 gutters-col-md-2 gutters-col-0 gutters-col-v-lg-2 gutters-col-v-md-2 gutters-col-v-2\">\n                <!---->\n                <div class=\"h-column h-column-container d-flex h-col-lg-auto h-col-md-auto h-col-auto style-489-outer style-local-616-c23-outer\">\n                  <div data-colibri-id=\"616-c23\" class=\"d-flex h-flex-basis h-column__inner h-px-lg-2 h-px-md-2 h-px-2 v-inner-lg-2 v-inner-md-2 v-inner-2 style-489 style-local-616-c23 position-relative\">\n                    <!---->\n                    <!---->\n                    <div class=\"w-100 h-y-container h-column__content h-column__v-align flex-basis-100 align-self-lg-start align-self-md-start align-self-start\">\n                      <!---->\n                      <div data-colibri-id=\"616-c24\" class=\"h-global-transition-all h-heading style-490 style-local-616-c24 position-relative h-element\">\n                        <!---->\n                        <div class=\"h-heading__outer style-490 style-local-616-c24\">\n                          <!---->\n                          <!---->\n                          <h4 class=\"\">TOURAL SQUARE<\/h4>\n                        <\/div>\n                      <\/div>\n                    <\/div>\n                  <\/div>\n                <\/div>\n              <\/div>\n            <\/div>\n          <\/div>\n        <\/div>\n      <\/div>\n      <div class=\"h-column h-column-container d-flex h-col-lg-4 h-col-md-4 h-col-12 style-502-outer style-local-616-c25-outer\">\n        <div data-colibri-id=\"616-c25\" class=\"d-flex h-flex-basis h-column__inner h-px-lg-0 h-px-md-0 h-px-0 v-inner-lg-0 v-inner-md-0 v-inner-0 style-502 style-local-616-c25 position-relative\">\n          <!---->\n          <!---->\n          <div class=\"w-100 h-y-container h-column__content h-column__v-align flex-basis-100 align-self-lg-center align-self-md-center align-self-center\">\n            <!---->\n            <div data-colibri-id=\"616-c26\" class=\"h-row-container gutters-row-lg-2 gutters-row-md-2 gutters-row-0 gutters-row-v-lg-2 gutters-row-v-md-2 gutters-row-v-2 style-503 style-local-616-c26 position-relative\">\n              <!---->\n              <div class=\"h-row justify-content-lg-center justify-content-md-center justify-content-center align-items-lg-stretch align-items-md-stretch align-items-stretch gutters-col-lg-2 gutters-col-md-2 gutters-col-0 gutters-col-v-lg-2 gutters-col-v-md-2 gutters-col-v-2\">\n                <!---->\n                <div class=\"h-column h-column-container d-flex h-col-lg-auto h-col-md-auto h-col-auto style-489-outer style-local-616-c27-outer\">\n                  <div data-colibri-id=\"616-c27\" class=\"d-flex h-flex-basis h-column__inner h-px-lg-2 h-px-md-2 h-px-2 v-inner-lg-2 v-inner-md-2 v-inner-2 style-489 style-local-616-c27 position-relative\">\n                    <!---->\n                    <!---->\n                    <div class=\"w-100 h-y-container h-column__content h-column__v-align flex-basis-100 align-self-lg-start align-self-md-start align-self-start\">\n                      <!---->\n                      <div data-colibri-id=\"616-c28\" class=\"h-global-transition-all h-heading style-490 style-local-616-c28 position-relative h-element\">\n                        <!---->\n                        <div class=\"h-heading__outer style-490 style-local-616-c28\">\n                          <!---->\n                          <!---->\n                          <a href=\"https:\/\/www.tripadvisor.pt\/Attraction_Review-g189174-d15855723-Reviews-Jardins_do_Carmo-Guimaraes_Braga_District_Northern_Portugal.html\" target=\"_blank\" h-use-smooth-scroll=\"true\" rel=\"noopener\">\n                            <h4 class=\"\">CARMO GARDEN<\/h4>\n                          <\/a>\n                        <\/div>\n                      <\/div>\n                    <\/div>\n                  <\/div>\n                <\/div>\n              <\/div>\n            <\/div>\n          <\/div>\n        <\/div>\n      <\/div>\n    <\/div>\n  <\/div>\n  <div data-colibri-id=\"616-c29\" class=\"h-row-container gutters-row-lg-2 gutters-row-md-2 gutters-row-0 gutters-row-v-lg-2 gutters-row-v-md-2 gutters-row-v-2 style-504 style-local-616-c29 position-relative\">\n    <!---->\n    <div class=\"h-row justify-content-lg-center justify-content-md-center justify-content-center align-items-lg-stretch align-items-md-stretch align-items-stretch gutters-col-lg-2 gutters-col-md-2 gutters-col-0 gutters-col-v-lg-2 gutters-col-v-md-2 gutters-col-v-2\">\n      <!---->\n      <div class=\"h-column h-column-container d-flex h-col-lg-auto h-col-md-auto h-col-auto style-505-outer style-local-616-c30-outer\">\n        <div data-colibri-id=\"616-c30\" class=\"d-flex h-flex-basis h-column__inner h-px-lg-2 h-px-md-2 h-px-2 v-inner-lg-2 v-inner-md-2 v-inner-2 style-505 style-local-616-c30 position-relative\">\n          <!---->\n          <!---->\n          <div class=\"w-100 h-y-container h-column__content h-column__v-align flex-basis-100 align-self-lg-start align-self-md-start align-self-start\">\n            <!---->\n            <div data-colibri-id=\"616-c31\" class=\"h-x-container style-506 style-local-616-c31 position-relative h-element\">\n              <!---->\n              <div class=\"h-x-container-inner style-dynamic-616-c31-group style-506-spacing style-local-616-c31-spacing\"><span class=\"h-button__outer style-507-outer style-local-616-c32-outer d-inline-flex h-element\"><a h-use-smooth-scroll=\"true\" href=\"https:\/\/bellae-holiday.vacation-bookings.com\"  data-colibri-id=\"616-c32\" class=\"d-flex w-100 align-items-center h-button justify-content-lg-center justify-content-md-center justify-content-center style-507 style-local-616-c32 position-relative\"><!----><!----> <span>book your stay<\/span><\/a>\n                <\/span>\n              <\/div>\n            <\/div>\n          <\/div>\n        <\/div>\n      <\/div>\n    <\/div>\n  <\/div>\n<\/div>\n<\/div>\n<\/div>","protected":false},"excerpt":{"rendered":"<p>CHATEAU MEDIEVAL D\u00e9couvrez Guimar\u00e3es la Berceau du Portugal le premier roi du Portugal y r\u00e8gne sur le pays pendant plus de 46 ans sous le titre d\u2019Alphonse 1er et fait du Ch\u00e2teau de Guimar\u00e3es sa r\u00e9sidence royale, d\u2019o\u00f9 son surnom : le \u00ab berceau du Portugal \u00bb. 50 kms PLACE DE L&rsquo;OLIVIER NOTRE DAME DE [&hellip;]<\/p>\n","protected":false},"author":1,"featured_media":448,"parent":556,"menu_order":0,"comment_status":"closed","ping_status":"closed","template":"page-templates\/full-width-page.php","meta":{"_joinchat":[],"footnotes":""},"class_list":["post-616","page","type-page","status-publish","has-post-thumbnail","hentry"],"yoast_head":"<!-- This site is optimized with the Yoast SEO plugin v27.4 - https:\/\/yoast.com\/product\/yoast-seo-wordpress\/ -->\n<title>Visiter Guimaraes | Bella\u00eb Holiday - Un s\u00e9jour inoubliable<\/title>\n<meta name=\"description\" content=\"Envie de visiter Guimaraes, d\u00e9couvrir son magnifique ch\u00e2teau et conna\u00eetre les origines du Portugal ? S\u00e9journez chez Bella\u00eb Holiday...\" \/>\n<meta name=\"robots\" content=\"index, follow, max-snippet:-1, max-image-preview:large, max-video-preview:-1\" \/>\n<link rel=\"canonical\" href=\"https:\/\/www.bellae-holiday.com\/en\/vacances-nord-portugal\/visiter-guimaraes\/\" \/>\n<meta property=\"og:locale\" content=\"en_US\" \/>\n<meta property=\"og:type\" content=\"article\" \/>\n<meta property=\"og:title\" content=\"Visiter Guimaraes | Bella\u00eb Holiday - Un s\u00e9jour inoubliable\" \/>\n<meta property=\"og:description\" content=\"Envie de visiter Guimaraes, d\u00e9couvrir son magnifique ch\u00e2teau et conna\u00eetre les origines du Portugal ? S\u00e9journez chez Bella\u00eb Holiday...\" \/>\n<meta property=\"og:url\" content=\"https:\/\/www.bellae-holiday.com\/en\/vacances-nord-portugal\/visiter-guimaraes\/\" \/>\n<meta property=\"og:site_name\" content=\"Bella\u00eb Holiday\" \/>\n<meta property=\"article:publisher\" content=\"https:\/\/www.facebook.com\/bellae.holiday\/\" \/>\n<meta property=\"article:modified_time\" content=\"2023-09-05T17:49:22+00:00\" \/>\n<meta property=\"og:image\" content=\"https:\/\/www.bellae-holiday.com\/wp-content\/uploads\/2023\/02\/43.jpg\" \/>\n\t<meta property=\"og:image:width\" content=\"1024\" \/>\n\t<meta property=\"og:image:height\" content=\"768\" \/>\n\t<meta property=\"og:image:type\" content=\"image\/jpeg\" \/>\n<meta name=\"twitter:card\" content=\"summary_large_image\" \/>\n<script type=\"application\/ld+json\" class=\"yoast-schema-graph\">{\"@context\":\"https:\\\/\\\/schema.org\",\"@graph\":[{\"@type\":\"WebPage\",\"@id\":\"https:\\\/\\\/www.bellae-holiday.com\\\/vacances-nord-portugal\\\/visiter-guimaraes\\\/\",\"url\":\"https:\\\/\\\/www.bellae-holiday.com\\\/vacances-nord-portugal\\\/visiter-guimaraes\\\/\",\"name\":\"Visiter Guimaraes | Bella\u00eb Holiday - Un s\u00e9jour inoubliable\",\"isPartOf\":{\"@id\":\"https:\\\/\\\/www.bellae-holiday.com\\\/#website\"},\"primaryImageOfPage\":{\"@id\":\"https:\\\/\\\/www.bellae-holiday.com\\\/vacances-nord-portugal\\\/visiter-guimaraes\\\/#primaryimage\"},\"image\":{\"@id\":\"https:\\\/\\\/www.bellae-holiday.com\\\/vacances-nord-portugal\\\/visiter-guimaraes\\\/#primaryimage\"},\"thumbnailUrl\":\"https:\\\/\\\/www.bellae-holiday.com\\\/wp-content\\\/uploads\\\/2023\\\/02\\\/43.jpg\",\"datePublished\":\"2023-03-04T02:25:03+00:00\",\"dateModified\":\"2023-09-05T17:49:22+00:00\",\"description\":\"Envie de visiter Guimaraes, d\u00e9couvrir son magnifique ch\u00e2teau et conna\u00eetre les origines du Portugal ? S\u00e9journez chez Bella\u00eb Holiday...\",\"breadcrumb\":{\"@id\":\"https:\\\/\\\/www.bellae-holiday.com\\\/vacances-nord-portugal\\\/visiter-guimaraes\\\/#breadcrumb\"},\"inLanguage\":\"en-US\",\"potentialAction\":[{\"@type\":\"ReadAction\",\"target\":[\"https:\\\/\\\/www.bellae-holiday.com\\\/vacances-nord-portugal\\\/visiter-guimaraes\\\/\"]}]},{\"@type\":\"ImageObject\",\"inLanguage\":\"en-US\",\"@id\":\"https:\\\/\\\/www.bellae-holiday.com\\\/vacances-nord-portugal\\\/visiter-guimaraes\\\/#primaryimage\",\"url\":\"https:\\\/\\\/www.bellae-holiday.com\\\/wp-content\\\/uploads\\\/2023\\\/02\\\/43.jpg\",\"contentUrl\":\"https:\\\/\\\/www.bellae-holiday.com\\\/wp-content\\\/uploads\\\/2023\\\/02\\\/43.jpg\",\"width\":1024,\"height\":768,\"caption\":\"ch\u00e2teau Guimar\u00e3es\"},{\"@type\":\"BreadcrumbList\",\"@id\":\"https:\\\/\\\/www.bellae-holiday.com\\\/vacances-nord-portugal\\\/visiter-guimaraes\\\/#breadcrumb\",\"itemListElement\":[{\"@type\":\"ListItem\",\"position\":1,\"name\":\"Accueil\",\"item\":\"https:\\\/\\\/www.bellae-holiday.com\\\/\"},{\"@type\":\"ListItem\",\"position\":2,\"name\":\"A VISITER\",\"item\":\"https:\\\/\\\/www.bellae-holiday.com\\\/vacances-nord-portugal\\\/\"},{\"@type\":\"ListItem\",\"position\":3,\"name\":\"GUIMAR\u00c3ES\"}]},{\"@type\":\"WebSite\",\"@id\":\"https:\\\/\\\/www.bellae-holiday.com\\\/#website\",\"url\":\"https:\\\/\\\/www.bellae-holiday.com\\\/\",\"name\":\"Bella\u00eb Holiday\",\"description\":\"Un s\u00e9jour inoubliable\",\"publisher\":{\"@id\":\"https:\\\/\\\/www.bellae-holiday.com\\\/#organization\"},\"potentialAction\":[{\"@type\":\"SearchAction\",\"target\":{\"@type\":\"EntryPoint\",\"urlTemplate\":\"https:\\\/\\\/www.bellae-holiday.com\\\/?s={search_term_string}\"},\"query-input\":{\"@type\":\"PropertyValueSpecification\",\"valueRequired\":true,\"valueName\":\"search_term_string\"}}],\"inLanguage\":\"en-US\"},{\"@type\":\"Organization\",\"@id\":\"https:\\\/\\\/www.bellae-holiday.com\\\/#organization\",\"name\":\"Bella\u00eb Holiday\",\"url\":\"https:\\\/\\\/www.bellae-holiday.com\\\/\",\"logo\":{\"@type\":\"ImageObject\",\"inLanguage\":\"en-US\",\"@id\":\"https:\\\/\\\/www.bellae-holiday.com\\\/#\\\/schema\\\/logo\\\/image\\\/\",\"url\":\"https:\\\/\\\/www.bellae-holiday.com\\\/wp-content\\\/uploads\\\/2023\\\/02\\\/LOGO-Bellae-Holiday.png\",\"contentUrl\":\"https:\\\/\\\/www.bellae-holiday.com\\\/wp-content\\\/uploads\\\/2023\\\/02\\\/LOGO-Bellae-Holiday.png\",\"width\":2000,\"height\":2000,\"caption\":\"Bella\u00eb Holiday\"},\"image\":{\"@id\":\"https:\\\/\\\/www.bellae-holiday.com\\\/#\\\/schema\\\/logo\\\/image\\\/\"},\"sameAs\":[\"https:\\\/\\\/www.facebook.com\\\/bellae.holiday\\\/\"]}]}<\/script>\n<!-- \/ Yoast SEO plugin. -->","yoast_head_json":{"title":"Visit Guimaraes | Bella\u00eb Holiday - An unforgettable stay","description":"Want to visit Guimaraes, discover its magnificent castle, and learn about the origins of Portugal? Stay at Bella\u00eb Holiday...","robots":{"index":"index","follow":"follow","max-snippet":"max-snippet:-1","max-image-preview":"max-image-preview:large","max-video-preview":"max-video-preview:-1"},"canonical":"https:\/\/www.bellae-holiday.com\/en\/vacances-nord-portugal\/visiter-guimaraes\/","og_locale":"en_US","og_type":"article","og_title":"Visiter Guimaraes | Bella\u00eb Holiday - Un s\u00e9jour inoubliable","og_description":"Envie de visiter Guimaraes, d\u00e9couvrir son magnifique ch\u00e2teau et conna\u00eetre les origines du Portugal ? S\u00e9journez chez Bella\u00eb Holiday...","og_url":"https:\/\/www.bellae-holiday.com\/en\/vacances-nord-portugal\/visiter-guimaraes\/","og_site_name":"Bella\u00eb Holiday","article_publisher":"https:\/\/www.facebook.com\/bellae.holiday\/","article_modified_time":"2023-09-05T17:49:22+00:00","og_image":[{"width":1024,"height":768,"url":"https:\/\/www.bellae-holiday.com\/wp-content\/uploads\/2023\/02\/43.jpg","type":"image\/jpeg"}],"twitter_card":"summary_large_image","schema":{"@context":"https:\/\/schema.org","@graph":[{"@type":"WebPage","@id":"https:\/\/www.bellae-holiday.com\/vacances-nord-portugal\/visiter-guimaraes\/","url":"https:\/\/www.bellae-holiday.com\/vacances-nord-portugal\/visiter-guimaraes\/","name":"Visit Guimaraes | Bella\u00eb Holiday - An unforgettable stay","isPartOf":{"@id":"https:\/\/www.bellae-holiday.com\/#website"},"primaryImageOfPage":{"@id":"https:\/\/www.bellae-holiday.com\/vacances-nord-portugal\/visiter-guimaraes\/#primaryimage"},"image":{"@id":"https:\/\/www.bellae-holiday.com\/vacances-nord-portugal\/visiter-guimaraes\/#primaryimage"},"thumbnailUrl":"https:\/\/www.bellae-holiday.com\/wp-content\/uploads\/2023\/02\/43.jpg","datePublished":"2023-03-04T02:25:03+00:00","dateModified":"2023-09-05T17:49:22+00:00","description":"Want to visit Guimaraes, discover its magnificent castle, and learn about the origins of Portugal? Stay at Bella\u00eb Holiday...","breadcrumb":{"@id":"https:\/\/www.bellae-holiday.com\/vacances-nord-portugal\/visiter-guimaraes\/#breadcrumb"},"inLanguage":"en-US","potentialAction":[{"@type":"ReadAction","target":["https:\/\/www.bellae-holiday.com\/vacances-nord-portugal\/visiter-guimaraes\/"]}]},{"@type":"ImageObject","inLanguage":"en-US","@id":"https:\/\/www.bellae-holiday.com\/vacances-nord-portugal\/visiter-guimaraes\/#primaryimage","url":"https:\/\/www.bellae-holiday.com\/wp-content\/uploads\/2023\/02\/43.jpg","contentUrl":"https:\/\/www.bellae-holiday.com\/wp-content\/uploads\/2023\/02\/43.jpg","width":1024,"height":768,"caption":"ch\u00e2teau Guimar\u00e3es"},{"@type":"BreadcrumbList","@id":"https:\/\/www.bellae-holiday.com\/vacances-nord-portugal\/visiter-guimaraes\/#breadcrumb","itemListElement":[{"@type":"ListItem","position":1,"name":"Accueil","item":"https:\/\/www.bellae-holiday.com\/"},{"@type":"ListItem","position":2,"name":"A VISITER","item":"https:\/\/www.bellae-holiday.com\/vacances-nord-portugal\/"},{"@type":"ListItem","position":3,"name":"GUIMAR\u00c3ES"}]},{"@type":"WebSite","@id":"https:\/\/www.bellae-holiday.com\/#website","url":"https:\/\/www.bellae-holiday.com\/","name":"Bellae Holiday","description":"An unforgettable stay","publisher":{"@id":"https:\/\/www.bellae-holiday.com\/#organization"},"potentialAction":[{"@type":"SearchAction","target":{"@type":"EntryPoint","urlTemplate":"https:\/\/www.bellae-holiday.com\/?s={search_term_string}"},"query-input":{"@type":"PropertyValueSpecification","valueRequired":true,"valueName":"search_term_string"}}],"inLanguage":"en-US"},{"@type":"Organization","@id":"https:\/\/www.bellae-holiday.com\/#organization","name":"Bellae Holiday","url":"https:\/\/www.bellae-holiday.com\/","logo":{"@type":"ImageObject","inLanguage":"en-US","@id":"https:\/\/www.bellae-holiday.com\/#\/schema\/logo\/image\/","url":"https:\/\/www.bellae-holiday.com\/wp-content\/uploads\/2023\/02\/LOGO-Bellae-Holiday.png","contentUrl":"https:\/\/www.bellae-holiday.com\/wp-content\/uploads\/2023\/02\/LOGO-Bellae-Holiday.png","width":2000,"height":2000,"caption":"Bella\u00eb Holiday"},"image":{"@id":"https:\/\/www.bellae-holiday.com\/#\/schema\/logo\/image\/"},"sameAs":["https:\/\/www.facebook.com\/bellae.holiday\/"]}]}},"jetpack_sharing_enabled":true,"_links":{"self":[{"href":"https:\/\/www.bellae-holiday.com\/en\/wp-json\/wp\/v2\/pages\/616","targetHints":{"allow":["GET"]}}],"collection":[{"href":"https:\/\/www.bellae-holiday.com\/en\/wp-json\/wp\/v2\/pages"}],"about":[{"href":"https:\/\/www.bellae-holiday.com\/en\/wp-json\/wp\/v2\/types\/page"}],"author":[{"embeddable":true,"href":"https:\/\/www.bellae-holiday.com\/en\/wp-json\/wp\/v2\/users\/1"}],"replies":[{"embeddable":true,"href":"https:\/\/www.bellae-holiday.com\/en\/wp-json\/wp\/v2\/comments?post=616"}],"version-history":[{"count":5,"href":"https:\/\/www.bellae-holiday.com\/en\/wp-json\/wp\/v2\/pages\/616\/revisions"}],"predecessor-version":[{"id":2065,"href":"https:\/\/www.bellae-holiday.com\/en\/wp-json\/wp\/v2\/pages\/616\/revisions\/2065"}],"up":[{"embeddable":true,"href":"https:\/\/www.bellae-holiday.com\/en\/wp-json\/wp\/v2\/pages\/556"}],"wp:featuredmedia":[{"embeddable":true,"href":"https:\/\/www.bellae-holiday.com\/en\/wp-json\/wp\/v2\/media\/448"}],"wp:attachment":[{"href":"https:\/\/www.bellae-holiday.com\/en\/wp-json\/wp\/v2\/media?parent=616"}],"curies":[{"name":"wp","href":"https:\/\/api.w.org\/{rel}","templated":true}]}}