{"id":4171,"date":"2025-07-13T16:30:14","date_gmt":"2025-07-13T16:30:14","guid":{"rendered":"https:\/\/www.bellae-holiday.com\/?page_id=4171"},"modified":"2025-07-13T16:49:17","modified_gmt":"2025-07-13T16:49:17","slug":"buggy-braga","status":"publish","type":"page","link":"https:\/\/www.bellae-holiday.com\/it\/activites\/buggy-braga\/","title":{"rendered":"TOUR IN BUGGY"},"content":{"rendered":"<div data-colibri-id=\"4171-c1\" class=\"style-2106 style-local-4171-c1 position-relative\">\n  <!---->\n  <div data-colibri-component=\"section\" data-colibri-id=\"4171-c2\" id=\"reusable-sections\" class=\"h-section h-section-global-spacing d-flex align-items-lg-center align-items-md-center align-items-center style-2107 style-local-4171-c2 position-relative\">\n    <!---->\n    <!---->\n    <div class=\"h-section-grid-container h-section-boxed-container\">\n      <!---->\n      <div data-colibri-id=\"4171-c3\" class=\"h-row-container gutters-row-lg-2 gutters-row-md-2 gutters-row-0 gutters-row-v-lg-2 gutters-row-v-md-2 gutters-row-v-2 style-2108 style-local-4171-c3 position-relative\">\n        <!---->\n        <div class=\"h-row justify-content-lg-center justify-content-md-center justify-content-center align-items-lg-stretch align-items-md-stretch align-items-stretch gutters-col-lg-2 gutters-col-md-2 gutters-col-0 gutters-col-v-lg-2 gutters-col-v-md-2 gutters-col-v-2\">\n          <!---->\n          <div class=\"h-column h-column-container d-flex h-col-lg-auto h-col-md-auto h-col-auto style-2109-outer style-local-4171-c4-outer\">\n            <div data-colibri-id=\"4171-c4\" class=\"d-flex h-flex-basis h-column__inner h-px-lg-2 h-px-md-2 h-px-2 v-inner-lg-2 v-inner-md-2 v-inner-2 style-2109 style-local-4171-c4 position-relative\">\n              <!---->\n              <!---->\n              <div class=\"w-100 h-y-container h-column__content h-column__v-align flex-basis-100 align-self-lg-start align-self-md-start align-self-start\">\n                <!---->\n                <div data-colibri-id=\"4171-c5\" class=\"h-global-transition-all h-heading style-2110 style-local-4171-c5 position-relative h-element\">\n                  <!---->\n                  <div class=\"h-heading__outer style-2110 style-local-4171-c5\">\n                    <!---->\n                    <!---->\n                    <h2 class=\"\">Scopri la regione di Braga in buggy e parti all&#039;avventura<\/h2>\n                  <\/div>\n                <\/div>\n              <\/div>\n            <\/div>\n          <\/div>\n        <\/div>\n      <\/div>\n      <div data-colibri-id=\"4171-c6\" class=\"h-row-container gutters-row-lg-2 gutters-row-md-2 gutters-row-2 gutters-row-v-lg-2 gutters-row-v-md-2 gutters-row-v-2 style-2111 style-local-4171-c6 position-relative\">\n        <!---->\n        <div class=\"h-row justify-content-lg-center justify-content-md-center justify-content-center align-items-lg-stretch align-items-md-stretch align-items-stretch gutters-col-lg-2 gutters-col-md-2 gutters-col-2 gutters-col-v-lg-2 gutters-col-v-md-2 gutters-col-v-2\">\n          <!---->\n          <div class=\"h-column h-column-container d-flex h-col-lg-4 h-col-md-4 h-col-12 style-2112-outer style-local-4171-c7-outer\">\n            <div data-colibri-id=\"4171-c7\" class=\"d-flex h-flex-basis h-column__inner h-px-lg-0 h-px-md-0 h-px-0 v-inner-lg-0 v-inner-md-0 v-inner-0 style-2112 style-local-4171-c7 position-relative\">\n              <!---->\n              <!---->\n              <div class=\"w-100 h-y-container h-column__content h-column__v-align flex-basis-100 align-self-lg-start align-self-md-start align-self-start\">\n                <!---->\n                <div data-colibri-id=\"4171-c8\" class=\"h-row-container gutters-row-lg-2 gutters-row-md-2 gutters-row-2 gutters-row-v-lg-2 gutters-row-v-md-2 gutters-row-v-2 style-2113 style-local-4171-c8 position-relative\">\n                  <!---->\n                  <div class=\"h-row justify-content-lg-center justify-content-md-center justify-content-center align-items-lg-stretch align-items-md-stretch align-items-stretch gutters-col-lg-2 gutters-col-md-2 gutters-col-2 gutters-col-v-lg-2 gutters-col-v-md-2 gutters-col-v-2\">\n                    <!---->\n                    <div class=\"h-column h-column-container d-flex h-col-lg-12 h-col-md-12 h-col-12 style-2114-outer style-local-4171-c9-outer\">\n                      <div data-colibri-id=\"4171-c9\" class=\"d-flex h-flex-basis h-column__inner h-ui-empty-state-container h-px-lg-0 h-px-md-0 h-px-0 v-inner-lg-0 v-inner-md-0 v-inner-0 style-2114 style-local-4171-c9 position-relative\">\n                        <!---->\n                        <!---->\n                        <div class=\"w-100 h-y-container h-column__content h-column__v-align flex-basis-100\">\n                          <!---->\n                        <\/div>\n                      <\/div>\n                    <\/div>\n                    <div class=\"h-column h-column-container d-flex h-col-lg-12 h-col-md-12 h-col-12 style-2115-outer style-local-4171-c10-outer\">\n                      <div data-colibri-id=\"4171-c10\" class=\"d-flex h-flex-basis h-column__inner h-px-lg-0 h-px-md-0 h-px-0 v-inner-lg-0 v-inner-md-0 v-inner-0 style-2115 style-local-4171-c10 position-relative\">\n                        <!---->\n                        <!---->\n                        <div class=\"w-100 h-y-container h-column__content h-column__v-align flex-basis-100 align-self-lg-start align-self-md-start align-self-start\">\n                          <!---->\n                          <div data-colibri-id=\"4171-c11\" class=\"h-global-transition-all h-heading style-2116 style-local-4171-c11 position-relative h-element\">\n                            <!---->\n                            <div class=\"h-heading__outer style-2116 style-local-4171-c11\">\n                              <!---->\n                              <!---->\n                              <h5 class=\"\">La regione di Braga<\/h5>\n                            <\/div>\n                          <\/div>\n                          <div data-colibri-id=\"4171-c12\" class=\"h-text h-text-component style-2117 style-local-4171-c12 position-relative h-element\">\n                            <!---->\n                            <!---->\n                            <div class=\"\">\n                              <p>D\u00e9couvrez Braga, une r\u00e9gion riche en histoire, en culture et en paysages naturels exceptionnels. Situ\u00e9e dans le nord du Portugal, Braga est r\u00e9put\u00e9e pour ses montagnes verdoyantes, ses sentiers pittoresques et ses panoramas\n                                spectaculaires qui en font un terrain id\u00e9al pour les aventures en plein air.<\/p>\n                            <\/div>\n                          <\/div>\n                        <\/div>\n                      <\/div>\n                    <\/div>\n                  <\/div>\n                <\/div>\n              <\/div>\n            <\/div>\n          <\/div>\n          <div class=\"h-column h-column-container d-flex h-col-lg-4 h-col-md-4 h-col-12 style-2118-outer style-local-4171-c13-outer\">\n            <div data-colibri-id=\"4171-c13\" class=\"d-flex h-flex-basis h-column__inner h-px-lg-0 h-px-md-0 h-px-0 v-inner-lg-0 v-inner-md-0 v-inner-0 style-2118 style-local-4171-c13 position-relative\">\n              <!---->\n              <!---->\n              <div class=\"w-100 h-y-container h-column__content h-column__v-align flex-basis-100 align-self-lg-start align-self-md-start align-self-start\">\n                <!---->\n                <div data-colibri-id=\"4171-c14\" class=\"h-row-container gutters-row-lg-2 gutters-row-md-2 gutters-row-2 gutters-row-v-lg-2 gutters-row-v-md-2 gutters-row-v-2 style-2113 style-local-4171-c14 position-relative\">\n                  <!---->\n                  <div class=\"h-row justify-content-lg-center justify-content-md-center justify-content-center align-items-lg-stretch align-items-md-stretch align-items-stretch gutters-col-lg-2 gutters-col-md-2 gutters-col-2 gutters-col-v-lg-2 gutters-col-v-md-2 gutters-col-v-2\">\n                    <!---->\n                    <div class=\"h-column h-column-container d-flex h-col-lg-12 h-col-md-12 h-col-12 style-2115-outer style-local-4171-c15-outer\">\n                      <div data-colibri-id=\"4171-c15\" class=\"d-flex h-flex-basis h-column__inner h-px-lg-0 h-px-md-0 h-px-0 v-inner-lg-0 v-inner-md-0 v-inner-0 style-2115 style-local-4171-c15 position-relative\">\n                        <!---->\n                        <!---->\n                        <div class=\"w-100 h-y-container h-column__content h-column__v-align flex-basis-100 align-self-lg-start align-self-md-start align-self-start\">\n                          <!---->\n                          <div data-colibri-id=\"4171-c16\" class=\"h-global-transition-all h-heading style-2116 style-local-4171-c16 position-relative h-element\">\n                            <!---->\n                            <div class=\"h-heading__outer style-2116 style-local-4171-c16\">\n                              <!---->\n                              <!---->\n                              <h5 class=\"\">Il Buggy a Braga<\/h5>\n                            <\/div>\n                          <\/div>\n                          <div data-colibri-id=\"4171-c17\" class=\"h-text h-text-component style-2117 style-local-4171-c17 position-relative h-element\">\n                            <!---->\n                            <!---->\n                            <div class=\"\">\n                              <p>Le buggy est un v\u00e9hicule tout-terrain l\u00e9ger, maniable et facile \u00e0 conduire. Id\u00e9al pour explorer des terrains vari\u00e9s, il procure des sensations fortes tout en assurant s\u00e9curit\u00e9 et confort. Adapt\u00e9 \u00e0 tous types de conducteurs,\n                                il permet de d\u00e9couvrir des lieux inaccessibles autrement, pour une exp\u00e9rience unique et m\u00e9morable.<\/p>\n                            <\/div>\n                          <\/div>\n                        <\/div>\n                      <\/div>\n                    <\/div>\n                    <div class=\"h-column h-column-container d-flex h-col-lg-12 h-col-md-12 h-col-12 style-2119-outer style-local-4171-c18-outer\">\n                      <div data-colibri-id=\"4171-c18\" class=\"d-flex h-flex-basis h-column__inner h-ui-empty-state-container h-px-lg-0 h-px-md-0 h-px-0 v-inner-lg-0 v-inner-md-0 v-inner-0 style-2119 style-local-4171-c18 position-relative\">\n                        <!---->\n                        <!---->\n                        <div class=\"w-100 h-y-container h-column__content h-column__v-align flex-basis-100\">\n                          <!---->\n                        <\/div>\n                      <\/div>\n                    <\/div>\n                  <\/div>\n                <\/div>\n              <\/div>\n            <\/div>\n          <\/div>\n          <div class=\"h-column h-column-container d-flex h-col-lg-4 h-col-md-4 h-col-12 style-2120-outer style-local-4171-c19-outer\">\n            <div data-colibri-id=\"4171-c19\" class=\"d-flex h-flex-basis h-column__inner h-px-lg-0 h-px-md-0 h-px-0 v-inner-lg-0 v-inner-md-0 v-inner-0 style-2120 style-local-4171-c19 position-relative\">\n              <!---->\n              <!---->\n              <div class=\"w-100 h-y-container h-column__content h-column__v-align flex-basis-100 align-self-lg-start align-self-md-start align-self-start\">\n                <!---->\n                <div data-colibri-id=\"4171-c20\" class=\"h-row-container gutters-row-lg-2 gutters-row-md-2 gutters-row-2 gutters-row-v-lg-2 gutters-row-v-md-2 gutters-row-v-2 style-2113 style-local-4171-c20 position-relative\">\n                  <!---->\n                  <div class=\"h-row justify-content-lg-center justify-content-md-center justify-content-center align-items-lg-stretch align-items-md-stretch align-items-stretch gutters-col-lg-2 gutters-col-md-2 gutters-col-2 gutters-col-v-lg-2 gutters-col-v-md-2 gutters-col-v-2\">\n                    <!---->\n                    <div class=\"h-column h-column-container d-flex h-col-lg-12 h-col-md-12 h-col-12 style-2121-outer style-local-4171-c21-outer\">\n                      <div data-colibri-id=\"4171-c21\" class=\"d-flex h-flex-basis h-column__inner h-ui-empty-state-container h-px-lg-0 h-px-md-0 h-px-0 v-inner-lg-0 v-inner-md-0 v-inner-0 style-2121 style-local-4171-c21 position-relative\">\n                        <!---->\n                        <!---->\n                        <div class=\"w-100 h-y-container h-column__content h-column__v-align flex-basis-100\">\n                          <!---->\n                        <\/div>\n                      <\/div>\n                    <\/div>\n                    <div class=\"h-column h-column-container d-flex h-col-lg-12 h-col-md-12 h-col-12 style-2115-outer style-local-4171-c22-outer\">\n                      <div data-colibri-id=\"4171-c22\" class=\"d-flex h-flex-basis h-column__inner h-px-lg-0 h-px-md-0 h-px-0 v-inner-lg-0 v-inner-md-0 v-inner-0 style-2115 style-local-4171-c22 position-relative\">\n                        <!---->\n                        <!---->\n                        <div class=\"w-100 h-y-container h-column__content h-column__v-align flex-basis-100 align-self-lg-start align-self-md-start align-self-start\">\n                          <!---->\n                          <div data-colibri-id=\"4171-c23\" class=\"h-global-transition-all h-heading style-2116 style-local-4171-c23 position-relative h-element\">\n                            <!---->\n                            <div class=\"h-heading__outer style-2116 style-local-4171-c23\">\n                              <!---->\n                              <!---->\n                              <h5 class=\"\">Perch\u00e9 scegliere Easyrider?<\/h5>\n                            <\/div>\n                          <\/div>\n                          <div data-colibri-id=\"4171-c24\" class=\"h-text h-text-component style-2117 style-local-4171-c24 position-relative h-element\">\n                            <!---->\n                            <!---->\n                            <div class=\"\">\n                              <p>Easyrider vous garantit une exp\u00e9rience s\u00e9curis\u00e9e gr\u00e2ce \u00e0 l\u2019encadrement de professionnels exp\u00e9riment\u00e9s. Les parcours propos\u00e9s sont adapt\u00e9s \u00e0 tous les niveaux pour que chacun profite pleinement de l\u2019aventure. Easyrider propose\n                                \u00e9galement d&rsquo;organiser des \u00e9v\u00e9nements personnalis\u00e9s selon vos souhaits, comme des sorties en famille, des anniversaires ou des team-buildings.<\/p>\n                            <\/div>\n                          <\/div>\n                        <\/div>\n                      <\/div>\n                    <\/div>\n                  <\/div>\n                <\/div>\n              <\/div>\n            <\/div>\n          <\/div>\n        <\/div>\n      <\/div>\n    <\/div>\n  <\/div>\n  <div data-colibri-component=\"section\" data-colibri-id=\"4171-c29\" id=\"reusable-sections-2\" class=\"h-section h-section-global-spacing d-flex align-items-lg-center align-items-md-center align-items-center style-2126 style-local-4171-c29 position-relative\">\n    <div class=\"background-wrapper\">\n      <div class=\"background-layer background-layer-media-container-lg\">\n        <div data-enabled=\"true\" data-colibri-component=\"parallax\" class=\"background-layer paraxify\" model-id=\"4171-c29\" media=\"desktop\" is-preview=\"true\" style=\"background-image: url(&quot;https:\/\/www.bellae-holiday.com\/wp-content\/uploads\/2025\/07\/whatsapp-image-2024-04-30-at-11.59.08-am-mePL3oZqlvikwGpb-2-scaled.jpeg&quot;);\"><\/div>\n      <\/div>\n      <div class=\"background-layer background-layer-media-container-md\">\n        <!---->\n      <\/div>\n      <div class=\"background-layer background-layer-media-container\">\n        <!---->\n      <\/div>\n    <\/div>\n    <!---->\n    <div class=\"h-section-grid-container h-section-boxed-container\">\n      <!---->\n      <div data-colibri-id=\"4171-c30\" class=\"h-row-container gutters-row-lg-0 gutters-row-md-0 gutters-row-0 gutters-row-v-lg-0 gutters-row-v-md-0 gutters-row-v-0 style-2127 style-local-4171-c30 position-relative\">\n        <!---->\n        <div class=\"h-row justify-content-lg-center justify-content-md-center justify-content-center align-items-lg-stretch align-items-md-stretch align-items-stretch gutters-col-lg-0 gutters-col-md-0 gutters-col-0 gutters-col-v-lg-0 gutters-col-v-md-0 gutters-col-v-0\">\n          <!---->\n          <div class=\"h-column h-column-container d-flex h-col-lg-auto h-col-md-auto h-col-auto style-2128-outer style-local-4171-c31-outer\">\n            <div data-colibri-id=\"4171-c31\" class=\"d-flex h-flex-basis h-column__inner h-px-lg-0 h-px-md-0 h-px-0 v-inner-lg-0 v-inner-md-0 v-inner-0 style-2128 style-local-4171-c31 position-relative\">\n              <!---->\n              <!---->\n              <div class=\"w-100 h-y-container h-column__content h-column__v-align flex-basis-100 align-self-lg-start align-self-md-start align-self-start\">\n                <!---->\n                <div data-colibri-id=\"4171-c32\" class=\"h-global-transition-all h-heading style-2129 style-local-4171-c32 position-relative h-element\">\n                  <!---->\n                  <div class=\"h-heading__outer style-2129 style-local-4171-c32\">\n                    <!---->\n                    <!---->\n                    <h2 class=\"\">Prenota la tua uscita<\/h2>\n                  <\/div>\n                <\/div>\n                <div data-colibri-id=\"4171-c33\" class=\"d-block style-2130 style-local-4171-c33 position-relative h-element\">\n                  <!---->\n                  <div class=\"h-image__frame-container-outer\">\n                    <div class=\"h-image__frame-container\">\n                      <!---->\n                      <!---->\n                      <img loading=\"lazy\" decoding=\"async\" width=\"886\" height=\"885\" src=\"https:\/\/www.bellae-holiday.com\/wp-content\/uploads\/2025\/07\/logo-easyrider.png\" class=\"wp-image-4179 style-2130-image style-local-4171-c33-image\" alt=\"\" srcset=\"https:\/\/www.bellae-holiday.com\/wp-content\/uploads\/2025\/07\/logo-easyrider.png 886w, https:\/\/www.bellae-holiday.com\/wp-content\/uploads\/2025\/07\/logo-easyrider.png 300w, https:\/\/www.bellae-holiday.com\/wp-content\/uploads\/2025\/07\/logo-easyrider.png 150w, https:\/\/www.bellae-holiday.com\/wp-content\/uploads\/2025\/07\/logo-easyrider.png 768w, https:\/\/www.bellae-holiday.com\/wp-content\/uploads\/2025\/07\/logo-easyrider.png 12w\" sizes=\"auto, (max-width: 886px) 100vw, 886px\" \/>\n                      <div class=\"h-image__frame h-hide-lg h-hide-md h-hide-sm style-2130-frameImage style-local-4171-c33-frameImage\"><\/div>\n                    <\/div>\n                  <\/div>\n                <\/div>\n                <div data-colibri-id=\"4171-c34\" class=\"h-text h-text-component style-2131 style-local-4171-c34 position-relative h-element\">\n                  <!---->\n                  <!---->\n                  <div class=\"\">\n                    <p>Non perdere l&#039;occasione di vivere un&#039;avventura unica! Prenota subito il tuo tour in buggy a Braga con Easyrider e crea ricordi indimenticabili nel cuore della natura!<\/p>\n                  <\/div>\n                <\/div>\n              <\/div>\n            <\/div>\n          <\/div>\n          <div class=\"h-column h-column-container d-flex h-col-lg-auto h-col-md-auto h-col-auto style-2132-outer style-local-4171-c35-outer\">\n            <div data-colibri-id=\"4171-c35\" class=\"d-flex h-flex-basis h-column__inner h-px-lg-0 h-px-md-0 h-px-0 v-inner-lg-0 v-inner-md-0 v-inner-0 style-2132 style-local-4171-c35 position-relative\">\n              <!---->\n              <!---->\n              <div class=\"w-100 h-y-container h-column__content h-column__v-align flex-basis-100 align-self-lg-start align-self-md-start align-self-start\">\n                <!---->\n                <div data-colibri-id=\"4171-c36\" class=\"h-x-container style-2133 style-local-4171-c36 position-relative h-element\">\n                  <!---->\n                  <div class=\"h-x-container-inner style-dynamic-4171-c36-group style-2133-spacing style-local-4171-c36-spacing\"><span class=\"h-button__outer style-2134-outer style-local-4171-c37-outer d-inline-flex h-element\"><a h-use-smooth-scroll=\"true\" href=\"https:\/\/wa.me\/+351960466466\"  data-colibri-id=\"4171-c37\" class=\"d-flex w-100 align-items-center h-button justify-content-lg-center justify-content-md-center justify-content-center style-2134 style-local-4171-c37 position-relative\"><!----><!----> <span>prenotare<\/span><\/a>\n                    <\/span>\n                  <\/div>\n                <\/div>\n              <\/div>\n            <\/div>\n          <\/div>\n        <\/div>\n      <\/div>\n    <\/div>\n  <\/div>\n<\/div>","protected":false},"excerpt":{"rendered":"<p>D\u00e9couvrez la r\u00e9gion de Braga en Buggy et partez \u00e0 l\u00e1venture La r\u00e9gion de Braga D\u00e9couvrez Braga, une r\u00e9gion riche en histoire, en culture et en paysages naturels exceptionnels. Situ\u00e9e dans le nord du Portugal, Braga est r\u00e9put\u00e9e pour ses montagnes verdoyantes, ses sentiers pittoresques et ses panoramas spectaculaires qui en font un terrain id\u00e9al [&hellip;]<\/p>\n","protected":false},"author":1,"featured_media":4172,"parent":102,"menu_order":0,"comment_status":"closed","ping_status":"closed","template":"page-templates\/full-width-page.php","meta":{"_joinchat":[],"footnotes":""},"class_list":["post-4171","page","type-page","status-publish","has-post-thumbnail","hentry"],"yoast_head":"<!-- This site is optimized with the Yoast SEO plugin v27.4 - https:\/\/yoast.com\/product\/yoast-seo-wordpress\/ -->\n<title>Buggy \u00e0 Braga avec Easyrider | Aventure en Pleine Nature<\/title>\n<meta name=\"description\" content=\"D\u00e9couvrez les sorties en buggy propos\u00e9es par Easyrider \u00e0 Braga. Parcours guid\u00e9s, sensations fortes et paysages exceptionnels vous attendent.\" \/>\n<meta name=\"robots\" content=\"index, follow, max-snippet:-1, max-image-preview:large, max-video-preview:-1\" \/>\n<link rel=\"canonical\" href=\"https:\/\/www.bellae-holiday.com\/it\/activites\/buggy-braga\/\" \/>\n<meta property=\"og:locale\" content=\"it_IT\" \/>\n<meta property=\"og:type\" content=\"article\" \/>\n<meta property=\"og:title\" content=\"Buggy \u00e0 Braga avec Easyrider | Aventure en Pleine Nature\" \/>\n<meta property=\"og:description\" content=\"D\u00e9couvrez les sorties en buggy propos\u00e9es par Easyrider \u00e0 Braga. Parcours guid\u00e9s, sensations fortes et paysages exceptionnels vous attendent.\" \/>\n<meta property=\"og:url\" content=\"https:\/\/www.bellae-holiday.com\/it\/activites\/buggy-braga\/\" \/>\n<meta property=\"og:site_name\" content=\"Bella\u00eb Holiday\" \/>\n<meta property=\"article:publisher\" content=\"https:\/\/www.facebook.com\/bellae.holiday\/\" \/>\n<meta property=\"article:modified_time\" content=\"2025-07-13T16:49:17+00:00\" \/>\n<meta property=\"og:image\" content=\"https:\/\/www.bellae-holiday.com\/wp-content\/uploads\/2025\/07\/whatsapp-image-2024-04-30-at-11.59.08-am-mePL3oZqlvikwGpb-2-scaled.jpeg\" \/>\n\t<meta property=\"og:image:width\" content=\"2560\" \/>\n\t<meta property=\"og:image:height\" content=\"1748\" \/>\n\t<meta property=\"og:image:type\" content=\"image\/jpeg\" \/>\n<meta name=\"twitter:card\" content=\"summary_large_image\" \/>\n<meta name=\"twitter:label1\" content=\"Tempo di lettura stimato\" \/>\n\t<meta name=\"twitter:data1\" content=\"1 minuto\" \/>\n<script type=\"application\/ld+json\" class=\"yoast-schema-graph\">{\"@context\":\"https:\\\/\\\/schema.org\",\"@graph\":[{\"@type\":\"WebPage\",\"@id\":\"https:\\\/\\\/www.bellae-holiday.com\\\/activites\\\/buggy-braga\\\/\",\"url\":\"https:\\\/\\\/www.bellae-holiday.com\\\/activites\\\/buggy-braga\\\/\",\"name\":\"Buggy \u00e0 Braga avec Easyrider | Aventure en Pleine Nature\",\"isPartOf\":{\"@id\":\"https:\\\/\\\/www.bellae-holiday.com\\\/#website\"},\"primaryImageOfPage\":{\"@id\":\"https:\\\/\\\/www.bellae-holiday.com\\\/activites\\\/buggy-braga\\\/#primaryimage\"},\"image\":{\"@id\":\"https:\\\/\\\/www.bellae-holiday.com\\\/activites\\\/buggy-braga\\\/#primaryimage\"},\"thumbnailUrl\":\"https:\\\/\\\/www.bellae-holiday.com\\\/wp-content\\\/uploads\\\/2025\\\/07\\\/whatsapp-image-2024-04-30-at-11.59.08-am-mePL3oZqlvikwGpb-2-scaled.jpeg\",\"datePublished\":\"2025-07-13T16:30:14+00:00\",\"dateModified\":\"2025-07-13T16:49:17+00:00\",\"description\":\"D\u00e9couvrez les sorties en buggy propos\u00e9es par Easyrider \u00e0 Braga. Parcours guid\u00e9s, sensations fortes et paysages exceptionnels vous attendent.\",\"breadcrumb\":{\"@id\":\"https:\\\/\\\/www.bellae-holiday.com\\\/activites\\\/buggy-braga\\\/#breadcrumb\"},\"inLanguage\":\"it-IT\",\"potentialAction\":[{\"@type\":\"ReadAction\",\"target\":[\"https:\\\/\\\/www.bellae-holiday.com\\\/activites\\\/buggy-braga\\\/\"]}]},{\"@type\":\"ImageObject\",\"inLanguage\":\"it-IT\",\"@id\":\"https:\\\/\\\/www.bellae-holiday.com\\\/activites\\\/buggy-braga\\\/#primaryimage\",\"url\":\"https:\\\/\\\/www.bellae-holiday.com\\\/wp-content\\\/uploads\\\/2025\\\/07\\\/whatsapp-image-2024-04-30-at-11.59.08-am-mePL3oZqlvikwGpb-2-scaled.jpeg\",\"contentUrl\":\"https:\\\/\\\/www.bellae-holiday.com\\\/wp-content\\\/uploads\\\/2025\\\/07\\\/whatsapp-image-2024-04-30-at-11.59.08-am-mePL3oZqlvikwGpb-2-scaled.jpeg\",\"width\":2560,\"height\":1748,\"caption\":\"Buggy braga\"},{\"@type\":\"BreadcrumbList\",\"@id\":\"https:\\\/\\\/www.bellae-holiday.com\\\/activites\\\/buggy-braga\\\/#breadcrumb\",\"itemListElement\":[{\"@type\":\"ListItem\",\"position\":1,\"name\":\"Accueil\",\"item\":\"https:\\\/\\\/www.bellae-holiday.com\\\/\"},{\"@type\":\"ListItem\",\"position\":2,\"name\":\"Activit\u00e9s\",\"item\":\"https:\\\/\\\/www.bellae-holiday.com\\\/activites\\\/\"},{\"@type\":\"ListItem\",\"position\":3,\"name\":\"BUGGY TOUR\"}]},{\"@type\":\"WebSite\",\"@id\":\"https:\\\/\\\/www.bellae-holiday.com\\\/#website\",\"url\":\"https:\\\/\\\/www.bellae-holiday.com\\\/\",\"name\":\"Bella\u00eb Holiday\",\"description\":\"Un s\u00e9jour inoubliable\",\"publisher\":{\"@id\":\"https:\\\/\\\/www.bellae-holiday.com\\\/#organization\"},\"potentialAction\":[{\"@type\":\"SearchAction\",\"target\":{\"@type\":\"EntryPoint\",\"urlTemplate\":\"https:\\\/\\\/www.bellae-holiday.com\\\/?s={search_term_string}\"},\"query-input\":{\"@type\":\"PropertyValueSpecification\",\"valueRequired\":true,\"valueName\":\"search_term_string\"}}],\"inLanguage\":\"it-IT\"},{\"@type\":\"Organization\",\"@id\":\"https:\\\/\\\/www.bellae-holiday.com\\\/#organization\",\"name\":\"Bella\u00eb Holiday\",\"url\":\"https:\\\/\\\/www.bellae-holiday.com\\\/\",\"logo\":{\"@type\":\"ImageObject\",\"inLanguage\":\"it-IT\",\"@id\":\"https:\\\/\\\/www.bellae-holiday.com\\\/#\\\/schema\\\/logo\\\/image\\\/\",\"url\":\"https:\\\/\\\/www.bellae-holiday.com\\\/wp-content\\\/uploads\\\/2023\\\/02\\\/LOGO-Bellae-Holiday.png\",\"contentUrl\":\"https:\\\/\\\/www.bellae-holiday.com\\\/wp-content\\\/uploads\\\/2023\\\/02\\\/LOGO-Bellae-Holiday.png\",\"width\":2000,\"height\":2000,\"caption\":\"Bella\u00eb Holiday\"},\"image\":{\"@id\":\"https:\\\/\\\/www.bellae-holiday.com\\\/#\\\/schema\\\/logo\\\/image\\\/\"},\"sameAs\":[\"https:\\\/\\\/www.facebook.com\\\/bellae.holiday\\\/\"]}]}<\/script>\n<!-- \/ Yoast SEO plugin. -->","yoast_head_json":{"title":"Buggy \u00e0 Braga avec Easyrider | Aventure en Pleine Nature","description":"D\u00e9couvrez les sorties en buggy propos\u00e9es par Easyrider \u00e0 Braga. Parcours guid\u00e9s, sensations fortes et paysages exceptionnels vous attendent.","robots":{"index":"index","follow":"follow","max-snippet":"max-snippet:-1","max-image-preview":"max-image-preview:large","max-video-preview":"max-video-preview:-1"},"canonical":"https:\/\/www.bellae-holiday.com\/it\/activites\/buggy-braga\/","og_locale":"it_IT","og_type":"article","og_title":"Buggy \u00e0 Braga avec Easyrider | Aventure en Pleine Nature","og_description":"D\u00e9couvrez les sorties en buggy propos\u00e9es par Easyrider \u00e0 Braga. Parcours guid\u00e9s, sensations fortes et paysages exceptionnels vous attendent.","og_url":"https:\/\/www.bellae-holiday.com\/it\/activites\/buggy-braga\/","og_site_name":"Bella\u00eb Holiday","article_publisher":"https:\/\/www.facebook.com\/bellae.holiday\/","article_modified_time":"2025-07-13T16:49:17+00:00","og_image":[{"width":2560,"height":1748,"url":"https:\/\/www.bellae-holiday.com\/wp-content\/uploads\/2025\/07\/whatsapp-image-2024-04-30-at-11.59.08-am-mePL3oZqlvikwGpb-2-scaled.jpeg","type":"image\/jpeg"}],"twitter_card":"summary_large_image","twitter_misc":{"Tempo di lettura stimato":"1 minuto"},"schema":{"@context":"https:\/\/schema.org","@graph":[{"@type":"WebPage","@id":"https:\/\/www.bellae-holiday.com\/activites\/buggy-braga\/","url":"https:\/\/www.bellae-holiday.com\/activites\/buggy-braga\/","name":"Buggy \u00e0 Braga avec Easyrider | Aventure en Pleine Nature","isPartOf":{"@id":"https:\/\/www.bellae-holiday.com\/#website"},"primaryImageOfPage":{"@id":"https:\/\/www.bellae-holiday.com\/activites\/buggy-braga\/#primaryimage"},"image":{"@id":"https:\/\/www.bellae-holiday.com\/activites\/buggy-braga\/#primaryimage"},"thumbnailUrl":"https:\/\/www.bellae-holiday.com\/wp-content\/uploads\/2025\/07\/whatsapp-image-2024-04-30-at-11.59.08-am-mePL3oZqlvikwGpb-2-scaled.jpeg","datePublished":"2025-07-13T16:30:14+00:00","dateModified":"2025-07-13T16:49:17+00:00","description":"D\u00e9couvrez les sorties en buggy propos\u00e9es par Easyrider \u00e0 Braga. Parcours guid\u00e9s, sensations fortes et paysages exceptionnels vous attendent.","breadcrumb":{"@id":"https:\/\/www.bellae-holiday.com\/activites\/buggy-braga\/#breadcrumb"},"inLanguage":"it-IT","potentialAction":[{"@type":"ReadAction","target":["https:\/\/www.bellae-holiday.com\/activites\/buggy-braga\/"]}]},{"@type":"ImageObject","inLanguage":"it-IT","@id":"https:\/\/www.bellae-holiday.com\/activites\/buggy-braga\/#primaryimage","url":"https:\/\/www.bellae-holiday.com\/wp-content\/uploads\/2025\/07\/whatsapp-image-2024-04-30-at-11.59.08-am-mePL3oZqlvikwGpb-2-scaled.jpeg","contentUrl":"https:\/\/www.bellae-holiday.com\/wp-content\/uploads\/2025\/07\/whatsapp-image-2024-04-30-at-11.59.08-am-mePL3oZqlvikwGpb-2-scaled.jpeg","width":2560,"height":1748,"caption":"Buggy braga"},{"@type":"BreadcrumbList","@id":"https:\/\/www.bellae-holiday.com\/activites\/buggy-braga\/#breadcrumb","itemListElement":[{"@type":"ListItem","position":1,"name":"Accueil","item":"https:\/\/www.bellae-holiday.com\/"},{"@type":"ListItem","position":2,"name":"Activit\u00e9s","item":"https:\/\/www.bellae-holiday.com\/activites\/"},{"@type":"ListItem","position":3,"name":"BUGGY TOUR"}]},{"@type":"WebSite","@id":"https:\/\/www.bellae-holiday.com\/#website","url":"https:\/\/www.bellae-holiday.com\/","name":"Bella\u00eb Holiday","description":"Un soggiorno indimenticabile","publisher":{"@id":"https:\/\/www.bellae-holiday.com\/#organization"},"potentialAction":[{"@type":"SearchAction","target":{"@type":"EntryPoint","urlTemplate":"https:\/\/www.bellae-holiday.com\/?s={search_term_string}"},"query-input":{"@type":"PropertyValueSpecification","valueRequired":true,"valueName":"search_term_string"}}],"inLanguage":"it-IT"},{"@type":"Organization","@id":"https:\/\/www.bellae-holiday.com\/#organization","name":"Bella\u00eb Holiday","url":"https:\/\/www.bellae-holiday.com\/","logo":{"@type":"ImageObject","inLanguage":"it-IT","@id":"https:\/\/www.bellae-holiday.com\/#\/schema\/logo\/image\/","url":"https:\/\/www.bellae-holiday.com\/wp-content\/uploads\/2023\/02\/LOGO-Bellae-Holiday.png","contentUrl":"https:\/\/www.bellae-holiday.com\/wp-content\/uploads\/2023\/02\/LOGO-Bellae-Holiday.png","width":2000,"height":2000,"caption":"Bella\u00eb Holiday"},"image":{"@id":"https:\/\/www.bellae-holiday.com\/#\/schema\/logo\/image\/"},"sameAs":["https:\/\/www.facebook.com\/bellae.holiday\/"]}]}},"jetpack_sharing_enabled":true,"_links":{"self":[{"href":"https:\/\/www.bellae-holiday.com\/it\/wp-json\/wp\/v2\/pages\/4171","targetHints":{"allow":["GET"]}}],"collection":[{"href":"https:\/\/www.bellae-holiday.com\/it\/wp-json\/wp\/v2\/pages"}],"about":[{"href":"https:\/\/www.bellae-holiday.com\/it\/wp-json\/wp\/v2\/types\/page"}],"author":[{"embeddable":true,"href":"https:\/\/www.bellae-holiday.com\/it\/wp-json\/wp\/v2\/users\/1"}],"replies":[{"embeddable":true,"href":"https:\/\/www.bellae-holiday.com\/it\/wp-json\/wp\/v2\/comments?post=4171"}],"version-history":[{"count":4,"href":"https:\/\/www.bellae-holiday.com\/it\/wp-json\/wp\/v2\/pages\/4171\/revisions"}],"predecessor-version":[{"id":4209,"href":"https:\/\/www.bellae-holiday.com\/it\/wp-json\/wp\/v2\/pages\/4171\/revisions\/4209"}],"up":[{"embeddable":true,"href":"https:\/\/www.bellae-holiday.com\/it\/wp-json\/wp\/v2\/pages\/102"}],"wp:featuredmedia":[{"embeddable":true,"href":"https:\/\/www.bellae-holiday.com\/it\/wp-json\/wp\/v2\/media\/4172"}],"wp:attachment":[{"href":"https:\/\/www.bellae-holiday.com\/it\/wp-json\/wp\/v2\/media?parent=4171"}],"curies":[{"name":"parola chiave","href":"https:\/\/api.w.org\/{rel}","templated":true}]}}